{"id":5002,"date":"2019-04-11T13:19:56","date_gmt":"2019-04-11T13:19:56","guid":{"rendered":"http:\/\/berguedaturismerural.com\/la-parera\/"},"modified":"2025-09-25T09:38:30","modified_gmt":"2025-09-25T09:38:30","slug":"la-parera","status":"publish","type":"page","link":"https:\/\/berguedaturismerural.com\/es\/la-parera\/","title":{"rendered":"La Parera"},"content":{"rendered":"<p>[vc_row full_width=\u00bbstretch_row_content_no_spaces\u00bb full_height=\u00bbyes\u00bb parallax=\u00bbcontent-moving\u00bb css=\u00bb.vc_custom_1636468751480{background-image: url(https:\/\/berguedaturismerural.com\/wp-content\/uploads\/2021\/11\/fons-parera.jpg?id=5823) !important;background-position: center;background-repeat: no-repeat;background-size:cover !important;}\u00bb el_id=\u00bbhome\u00bb][vc_column][g5plus_property_info address=\u00bbAvi\u00e0\u00bb title=\u00bbLa Parera\u00bb after_price=\u00bbTurismo Rural\u00bb values=\u00bb%5B%7B%22key%22%3A%22Personas%22%2C%22value%22%3A%2220%2B5%22%2C%22icon_font%22%3A%22icon-users2%22%7D%2C%7B%22key%22%3A%22Habitaciones%22%2C%22value%22%3A%228%22%2C%22icon_font%22%3A%22icon-room-bed%22%7D%2C%7B%22key%22%3A%22Ba%C3%B1os%22%2C%22value%22%3A%2210%22%2C%22icon_font%22%3A%22icon-bath%22%7D%2C%7B%22key%22%3A%22Piscina%22%2C%22icon_font%22%3A%22fa%20fa-tint%22%7D%2C%7B%22key%22%3A%22Jard%C3%ADn%22%2C%22icon_font%22%3A%22fa%20fa-tree%22%7D%2C%7B%22key%22%3A%22Campo%20de%20f%C3%BAtbol%22%2C%22icon_font%22%3A%22fa%20fa-futbol-o%22%7D%2C%7B%22key%22%3A%22Chimenea%22%2C%22icon_font%22%3A%22fa%20fa-fire%22%7D%2C%7B%22key%22%3A%22Wifi%22%2C%22icon_font%22%3A%22fa%20fa-wifi%22%7D%5D\u00bb][\/vc_column][\/vc_row][vc_row full_width=\u00bbstretch_row\u00bb css=\u00bb.vc_custom_1593532334243{background-position: 0 0 !important;background-repeat: no-repeat !important;}\u00bb el_id=\u00bbabout\u00bb el_class=\u00bbbackground-position-right\u00bb][vc_column][g5plus_space desktop=\u00bb100&#8243; tablet=\u00bb80&#8243; tablet_portrait=\u00bb60&#8243; mobile_landscape=\u00bb50&#8243; mobile=\u00bb40&#8243;][vc_column_text el_class=\u00bbtext-center\u00bb]<\/p>\n<h3 class=\"fs-32\" style=\"max-width: 600px; margin: auto; padding-bottom: 20px;\">La <span class=\"accent-color\">Parera<\/span><\/h3>\n<p>Es una casa aislada muy acogedora con espacios muy amplios con los servicios, ubicada en las afueras del pueblo de Avi\u00e0 con muy f\u00e1cil acceso. Avi\u00e0 es un pueblo de 2.200 habitantes, situado a 5 minutos de Berga, la capital de comarca.<\/p>\n<p>La Parera est\u00e1 documentada desde el siglo XVI y pertenece a la familia Salvans desde el 1776. Se ha restaurado cuidadosamente guardando algunos elementos antiguos de la mas\u00eda y est\u00e1 pensada para ofrecer el m\u00e1ximo confort. En la restauraci\u00f3n se han utilizado los elementos constructivos como se utilizaban antes, siendo el m\u00e1ximo de respetuosos con el medio ambiente: grapas recicladas, mortero con cal, blandas con arcilla y pinturas ecosostenibles sin plomo. Se ha instalado c\u00e9sped artificial para no malgastar el agua en su riego. El resto de plantas aut\u00f3ctonas se riegan por goteo utilizando el agua de la lluvia.<\/p>\n<p>La casa est\u00e1 preparada para atender a grupos grandes de 20 personas + 5 camas complementarias a petici\u00f3n del cliente. La web muestra su m\u00e1xima capacidad. Tiene 8 habitaciones, todas ellas siguiendo una armon\u00eda con su decoraci\u00f3n. Cada una dispone de su ba\u00f1o privado con ducha. Hay piscina climatizada con SPA para disfrutar todo el a\u00f1o.<\/p>\n<p>N\u00famero de registro: PCC-00121140[\/vc_column_text][g5plus_space desktop=\u00bb60&#8243; tablet=\u00bb50&#8243; tablet_portrait=\u00bb40&#8243; mobile_landscape=\u00bb40&#8243; mobile=\u00bb40&#8243;][vc_column_text el_class=\u00bbtext-center\u00bb]La Parera tiene la <strong>CATEGORIA SUPERIOR<\/strong> otorgada por la Generalitat de Catalunya,\u00a0\u00a0representada con <strong>CUATRO ESPIGAS<\/strong>:\u00a0nivel excelente\u00a0en estancias y equipamientos, amplia oferta de servicios, entorno y edificaci\u00f3n \u00fanicos.[\/vc_column_text][vc_single_image image=\u00bb5755&#8243; img_size=\u00bbfull\u00bb alignment=\u00bbcenter\u00bb][g5plus_space desktop=\u00bb60&#8243; tablet=\u00bb50&#8243; tablet_portrait=\u00bb40&#8243; mobile_landscape=\u00bb40&#8243; mobile=\u00bb40&#8243;][\/vc_column][\/vc_row][vc_row full_width=\u00bbstretch_row\u00bb css=\u00bb.vc_custom_1593532395201{background-image: url(http:\/\/berguedaturismerural.com\/wp-content\/uploads\/2017\/05\/background-counter.jpg?id=58) !important;background-position: 0 0 !important;background-repeat: repeat !important;}\u00bb][vc_column][g5plus_space desktop=\u00bb103&#8243; tablet=\u00bb85&#8243; tablet_portrait=\u00bb65&#8243; mobile_landscape=\u00bb45&#8243; mobile=\u00bb45&#8243;][vc_row_inner][vc_column_inner width=\u00bb1\/3&#8243;][g5plus_counter title=\u00bbPersonas\u00bb icon_type=\u00bbicon\u00bb icon_font=\u00bbicon-users2&#8243; end=\u00bb20&#8243; separator=\u00bb\u00bb decimal=\u00bb\u00bb][\/vc_column_inner][vc_column_inner width=\u00bb1\/3&#8243;][g5plus_counter title=\u00bbHabitaciones\u00bb icon_type=\u00bbicon\u00bb icon_font=\u00bbicon-room-bed\u00bb end=\u00bb8&#8243; separator=\u00bb\u00bb decimal=\u00bb\u00bb][\/vc_column_inner][vc_column_inner width=\u00bb1\/3&#8243;][g5plus_counter title=\u00bbBa\u00f1os\u00bb icon_type=\u00bbicon\u00bb icon_font=\u00bbicon-bathtube\u00bb end=\u00bb10&#8243; separator=\u00bb\u00bb decimal=\u00bb\u00bb][\/vc_column_inner][\/vc_row_inner][vc_row_inner][vc_column_inner][g5plus_space desktop=\u00bb100&#8243; tablet=\u00bb80&#8243; tablet_portrait=\u00bb60&#8243; mobile_landscape=\u00bb0&#8243; mobile=\u00bb0&#8243;][\/vc_column_inner][\/vc_row_inner][\/vc_column][\/vc_row][vc_row full_width=\u00bbstretch_row\u00bb parallax=\u00bbcontent-moving\u00bb overlay_mode=\u00bbcolor\u00bb overlay_color=\u00bbrgba(0,0,0,0.6)\u00bb css=\u00bb.vc_custom_1644491436256{background-image: url(https:\/\/berguedaturismerural.com\/wp-content\/uploads\/2022\/02\/foto-video-la-parera-1.jpg?id=5984) !important;background-position: center;background-repeat: no-repeat !important;background-size: cover !important;}\u00bb][vc_column][g5plus_space desktop=\u00bb100&#8243; tablet=\u00bb80&#8243; tablet_portrait=\u00bb60&#8243; mobile_landscape=\u00bb50&#8243; mobile=\u00bb50&#8243;][g5plus_video link=\u00bbhttps:\/\/youtu.be\/qJIwwL_s6Yg\u00bb css=\u00bb.vc_custom_1644490290629{margin-bottom: 52px !important;}\u00bb][vc_column_text el_class=\u00bbtext-center\u00bb]<\/p>\n<h2 class=\"fs-32 fw-semi-bold mg-bottom-10\"><span style=\"color: #ffffff;\">V\u00eddeo de la casa<\/span><\/h2>\n<p>[\/vc_column_text][g5plus_space desktop=\u00bb90&#8243; tablet=\u00bb70&#8243; tablet_portrait=\u00bb50&#8243; mobile_landscape=\u00bb50&#8243; mobile=\u00bb50&#8243;][\/vc_column][\/vc_row][vc_row full_width=\u00bbstretch_row\u00bb el_id=\u00bbfloor\u00bb css=\u00bb.vc_custom_1554822637688{background-color: #f8f8f8 !important;}\u00bb][vc_column][g5plus_space desktop=\u00bb100&#8243; tablet=\u00bb100&#8243; tablet_portrait=\u00bb60&#8243; mobile_landscape=\u00bb50&#8243; mobile=\u00bb40&#8243;][g5plus_heading title=\u00bbPLANTAS\u00bb text_align=\u00bbtext-center\u00bb][g5plus_space desktop=\u00bb60&#8243; tablet=\u00bb60&#8243; tablet_portrait=\u00bb40&#8243; mobile_landscape=\u00bb30&#8243; mobile=\u00bb30&#8243;][vc_tta_tabs spacing=\u00bb\u00bb active_section=\u00bb1&#8243;][vc_tta_section title=\u00bbPlanta Baja\u00bb tab_id=\u00bbground-floor595a-3493ddf4-e891&#8243;][g5plus_space desktop=\u00bb24&#8243; tablet=\u00bb0&#8243; tablet_portrait=\u00bb0&#8243; mobile_landscape=\u00bb0&#8243; mobile=\u00bb0&#8243;][vc_single_image image=\u00bb5608&#8243; img_size=\u00bbfull\u00bb alignment=\u00bbcenter\u00bb][g5plus_space desktop=\u00bb40&#8243; tablet=\u00bb20&#8243; tablet_portrait=\u00bb20&#8243; mobile_landscape=\u00bb20&#8243; mobile=\u00bb20&#8243;][vc_row_inner][vc_column_inner width=\u00bb1\/6&#8243;][g5plus_icon_box icon_font=\u00bbfa fa-fire\u00bb description=\u00bbCocina\u00bb color_scheme=\u00bbcolor-light\u00bb][\/vc_column_inner][vc_column_inner width=\u00bb1\/6&#8243;][g5plus_icon_box icon_font=\u00bbfa fa-cutlery\u00bb description=\u00bbComedor &#8211; Sala de estar con TV y chimenea\u00bb color_scheme=\u00bbcolor-light\u00bb][\/vc_column_inner][vc_column_inner width=\u00bb1\/6&#8243;][g5plus_icon_box icon_font=\u00bbfa fa-shower\u00bb description=\u00bbBa\u00f1o de hu\u00e9spedes\u00bb color_scheme=\u00bbcolor-light\u00bb][\/vc_column_inner][vc_column_inner width=\u00bb1\/6&#8243;][g5plus_icon_box icon_font=\u00bbfa fa-bed\u00bb description=\u00bbHabitaci\u00f3n 1 familiar\u00bb color_scheme=\u00bbcolor-light\u00bb][\/vc_column_inner][vc_column_inner width=\u00bb1\/6&#8243;][g5plus_icon_box icon_font=\u00bbicon-bed\u00bb description=\u00bbHabitaci\u00f3n 2 doble adaptada para minusv\u00e1lidos\u00bb color_scheme=\u00bbcolor-light\u00bb][\/vc_column_inner][vc_column_inner width=\u00bb1\/6&#8243;][g5plus_icon_box icon_font=\u00bbfa fa-television\u00bb description=\u00bbSala con TV\u00bb color_scheme=\u00bbcolor-light\u00bb][\/vc_column_inner][\/vc_row_inner][vc_row_inner][vc_column_inner width=\u00bb1\/6&#8243;][g5plus_icon_box icon_font=\u00bbfa fa-gamepad\u00bb description=\u00bbSala de juegos con billar y mesa ping pong\u00bb color_scheme=\u00bbcolor-light\u00bb][\/vc_column_inner][vc_column_inner width=\u00bb1\/6&#8243;][g5plus_icon_box icon_font=\u00bbfa fa-futbol-o\u00bb description=\u00bbCampo de f\u00fatbol\u00bb color_scheme=\u00bbcolor-light\u00bb][\/vc_column_inner][vc_column_inner width=\u00bb1\/6&#8243;][g5plus_icon_box icon_font=\u00bbfa fa-certificate\u00bb description=\u00bbPiscina\u00bb color_scheme=\u00bbcolor-light\u00bb][\/vc_column_inner][vc_column_inner width=\u00bb1\/6&#8243;][g5plus_icon_box icon_font=\u00bbfa fa-tree\u00bb description=\u00bbJard\u00edn\u00bb color_scheme=\u00bbcolor-light\u00bb][\/vc_column_inner][vc_column_inner width=\u00bb1\/6&#8243;][g5plus_icon_box icon_font=\u00bbfa fa-free-code-camp\u00bb description=\u00bbZona de barbacoa\u00bb color_scheme=\u00bbcolor-light\u00bb][\/vc_column_inner][vc_column_inner width=\u00bb1\/6&#8243;][g5plus_icon_box icon_font=\u00bbfa fa-car\u00bb description=\u00bbZona de aparcamiento\u00bb color_scheme=\u00bbcolor-light\u00bb][\/vc_column_inner][\/vc_row_inner][\/vc_tta_section][vc_tta_section title=\u00bbPrimera Planta\u00bb tab_id=\u00bbfirst-floor595a-3493ddf4-e891&#8243;][g5plus_space desktop=\u00bb24&#8243; tablet=\u00bb0&#8243; tablet_portrait=\u00bb0&#8243; mobile_landscape=\u00bb0&#8243; mobile=\u00bb0&#8243;][vc_single_image image=\u00bb5610&#8243; img_size=\u00bbfull\u00bb alignment=\u00bbcenter\u00bb][g5plus_space desktop=\u00bb40&#8243; tablet=\u00bb20&#8243; tablet_portrait=\u00bb20&#8243; mobile_landscape=\u00bb20&#8243; mobile=\u00bb20&#8243;][vc_row_inner][vc_column_inner width=\u00bb1\/4&#8243;][g5plus_icon_box icon_font=\u00bbicon-room-bed\u00bb description=\u00bbHabitaci\u00f3n 3 familiar\u00bb color_scheme=\u00bbcolor-light\u00bb][\/vc_column_inner][vc_column_inner width=\u00bb1\/4&#8243;][g5plus_icon_box icon_font=\u00bbicon-room-bed\u00bb description=\u00bbHabitaci\u00f3n 4 doble\u00bb color_scheme=\u00bbcolor-light\u00bb][\/vc_column_inner][vc_column_inner width=\u00bb1\/4&#8243;][g5plus_icon_box icon_font=\u00bbicon-room-bed\u00bb description=\u00bbHabitaci\u00f3n 5 familiar\u00bb color_scheme=\u00bbcolor-light\u00bb][\/vc_column_inner][vc_column_inner width=\u00bb1\/4&#8243;][g5plus_icon_box icon_font=\u00bbicon-room-bed\u00bb description=\u00bbHabitaci\u00f3n 6 doble\u00bb color_scheme=\u00bbcolor-light\u00bb][\/vc_column_inner][\/vc_row_inner][\/vc_tta_section][vc_tta_section title=\u00bbSegunda Planta\u00bb tab_id=\u00bbsecond-floor595a-3493ddf4-e891&#8243;][g5plus_space desktop=\u00bb24&#8243; tablet=\u00bb0&#8243; tablet_portrait=\u00bb0&#8243; mobile_landscape=\u00bb0&#8243; mobile=\u00bb0&#8243;][vc_single_image image=\u00bb5612&#8243; img_size=\u00bbfull\u00bb alignment=\u00bbcenter\u00bb][g5plus_space desktop=\u00bb40&#8243; tablet=\u00bb20&#8243; tablet_portrait=\u00bb20&#8243; mobile_landscape=\u00bb20&#8243; mobile=\u00bb20&#8243;][vc_row_inner][vc_column_inner width=\u00bb1\/4&#8243;][g5plus_icon_box icon_font=\u00bbicon-room-bed\u00bb description=\u00bbHabitaci\u00f3n 7 familiar\u00bb color_scheme=\u00bbcolor-light\u00bb][\/vc_column_inner][vc_column_inner width=\u00bb1\/4&#8243;][g5plus_icon_box icon_font=\u00bbicon-room-bed\u00bb description=\u00bbHabitaci\u00f3n 8 juvenil con 6 camas individuales\u00bb color_scheme=\u00bbcolor-light\u00bb][\/vc_column_inner][vc_column_inner width=\u00bb1\/4&#8243;][g5plus_icon_box icon_font=\u00bbfa fa-television\u00bb description=\u00bbSala de TV juvenil\u00bb color_scheme=\u00bbcolor-light\u00bb][\/vc_column_inner][vc_column_inner width=\u00bb1\/4&#8243;][g5plus_icon_box icon_font=\u00bbfa fa-shower\u00bb description=\u00bbBa\u00f1o\u00bb color_scheme=\u00bbcolor-light\u00bb][\/vc_column_inner][\/vc_row_inner][\/vc_tta_section][\/vc_tta_tabs][\/vc_column][\/vc_row][vc_row full_width=\u00bbstretch_row\u00bb css=\u00bb.vc_custom_1593598033068{background-image: url(http:\/\/berguedaturismerural.com\/wp-content\/uploads\/2017\/05\/background-02.jpg?id=78) !important;background-position: 0 0 !important;background-repeat: repeat !important;}\u00bb el_id=\u00bbgallery\u00bb][vc_column][g5plus_space desktop=\u00bb100&#8243; tablet=\u00bb100&#8243; tablet_portrait=\u00bb60&#8243; mobile_landscape=\u00bb50&#8243; mobile=\u00bb40&#8243;][g5plus_heading sub_title=\u00bbDescobreix cada rac\u00f3 de La Parera\u00bb title=\u00bbGALERIA\u00bb text_align=\u00bbtext-center\u00bb color_scheme=\u00bbcolor-light\u00bb][g5plus_space desktop=\u00bb60&#8243; tablet=\u00bb60&#8243; tablet_portrait=\u00bb40&#8243; mobile_landscape=\u00bb30&#8243; mobile=\u00bb30&#8243;][vc_tta_tabs][vc_tta_section title=\u00bbEntrada\u00bb tab_id=\u00bb1554820711264-4bbfb42c-b641&#8243;][g5plus_gallery hover_effect=\u00bbbubba-effect\u00bb images=\u00bb5197,5594&#8243; columns=\u00bb4&#8243; items_md=\u00bb-1&#8243; items_sm=\u00bb-1&#8243; items_xs=\u00bb-1&#8243; items_mb=\u00bb-1&#8243; undefined=\u00bb\u00bb][\/vc_tta_section][vc_tta_section title=\u00bbSala de juegos\u00bb tab_id=\u00bb1598351151472-e00a4ac4-6b34&#8243;][g5plus_gallery hover_effect=\u00bbbubba-effect\u00bb images=\u00bb5369,5371,5373,5375&#8243; columns=\u00bb4&#8243; items_md=\u00bb-1&#8243; items_sm=\u00bb-1&#8243; items_xs=\u00bb-1&#8243; items_mb=\u00bb-1&#8243; undefined=\u00bb\u00bb][\/vc_tta_section][vc_tta_section title=\u00bbAseo cortes\u00eda\u00bb tab_id=\u00bb1598350859043-83680700-bcbb\u00bb][g5plus_gallery hover_effect=\u00bbbubba-effect\u00bb images=\u00bb5335&#8243; columns=\u00bb4&#8243; items_md=\u00bb-1&#8243; items_sm=\u00bb-1&#8243; items_xs=\u00bb-1&#8243; items_mb=\u00bb-1&#8243; undefined=\u00bb\u00bb][\/vc_tta_section][vc_tta_section title=\u00bbComedor\u00bb tab_id=\u00bb1598350970934-f338cc45-2ec3&#8243;][g5plus_gallery hover_effect=\u00bbbubba-effect\u00bb images=\u00bb5337,5341,5345,5347,5349,5355&#8243; columns=\u00bb4&#8243; items_md=\u00bb-1&#8243; items_sm=\u00bb-1&#8243; items_xs=\u00bb-1&#8243; items_mb=\u00bb-1&#8243; undefined=\u00bb\u00bb][\/vc_tta_section][vc_tta_section title=\u00bbCocina\u00bb tab_id=\u00bb1554820712187-695c4d40-ce44&#8243;][g5plus_gallery hover_effect=\u00bbbubba-effect\u00bb images=\u00bb5189,5191,5195&#8243; columns=\u00bb4&#8243; items_md=\u00bb-1&#8243; items_sm=\u00bb-1&#8243; items_xs=\u00bb-1&#8243; items_mb=\u00bb-1&#8243; undefined=\u00bb\u00bb][\/vc_tta_section][vc_tta_section title=\u00bbSala de estar\u00bb tab_id=\u00bb1598351228875-e95d9b0f-9831&#8243;][g5plus_gallery hover_effect=\u00bbbubba-effect\u00bb images=\u00bb5385,5387,5389,5391&#8243; columns=\u00bb4&#8243; items_md=\u00bb-1&#8243; items_sm=\u00bb-1&#8243; items_xs=\u00bb-1&#8243; items_mb=\u00bb-1&#8243; undefined=\u00bb\u00bb][\/vc_tta_section][vc_tta_section title=\u00bbHabitaci\u00f3n 1&#8243; tab_id=\u00bb1554820762177-b774e1cd-1253&#8243;][g5plus_gallery hover_effect=\u00bbbubba-effect\u00bb images=\u00bb5461,5467,5475,5469,5471,5473&#8243; columns=\u00bb4&#8243; items_md=\u00bb-1&#8243; items_sm=\u00bb-1&#8243; items_xs=\u00bb-1&#8243; items_mb=\u00bb-1&#8243; undefined=\u00bb\u00bb][\/vc_tta_section][vc_tta_section title=\u00bbHabitaci\u00f3n 2 adaptada\u00bb tab_id=\u00bb1598440217908-d8194fd7-cd54&#8243;][g5plus_gallery hover_effect=\u00bbbubba-effect\u00bb images=\u00bb5479,5485,5487,5489,5477,5481,5483&#8243; columns=\u00bb4&#8243; items_md=\u00bb-1&#8243; items_sm=\u00bb-1&#8243; items_xs=\u00bb-1&#8243; items_mb=\u00bb-1&#8243; undefined=\u00bb\u00bb][\/vc_tta_section][vc_tta_section title=\u00bbSala con TV\u00bb tab_id=\u00bb1598350903137-b9c84de5-1629&#8243;][g5plus_gallery hover_effect=\u00bbbubba-effect\u00bb images=\u00bb5363,5365,5367&#8243; columns=\u00bb4&#8243; items_md=\u00bb-1&#8243; items_sm=\u00bb-1&#8243; items_xs=\u00bb-1&#8243; items_mb=\u00bb-1&#8243; undefined=\u00bb\u00bb][\/vc_tta_section][vc_tta_section title=\u00bbJard\u00edn y Piscina\u00bb tab_id=\u00bb1554820804704-8e256136-1894&#8243;][g5plus_gallery hover_effect=\u00bbbubba-effect\u00bb images=\u00bb5781,5783,5301,5313,5315,5321,5323,5331,5880,5882&#8243; columns=\u00bb4&#8243; items_md=\u00bb-1&#8243; items_sm=\u00bb-1&#8243; items_xs=\u00bb-1&#8243; items_mb=\u00bb-1&#8243; undefined=\u00bb\u00bb][\/vc_tta_section][vc_tta_section title=\u00bbBarbacoa\u00bb tab_id=\u00bb1554820668428-036a93e7-bd28&#8243;][g5plus_gallery hover_effect=\u00bbbubba-effect\u00bb images=\u00bb5181,5183,5185,5187&#8243; columns=\u00bb4&#8243; items_md=\u00bb-1&#8243; items_sm=\u00bb-1&#8243; items_xs=\u00bb-1&#8243; items_mb=\u00bb-1&#8243; undefined=\u00bb\u00bb][\/vc_tta_section][vc_tta_section title=\u00bbZona aparcamiento\u00bb tab_id=\u00bb1598610926205-72960540-6cfd\u00bb][g5plus_gallery hover_effect=\u00bbbubba-effect\u00bb columns=\u00bb4&#8243; items_md=\u00bb-1&#8243; items_sm=\u00bb-1&#8243; items_xs=\u00bb-1&#8243; items_mb=\u00bb-1&#8243; undefined=\u00bb\u00bb][\/vc_tta_section][vc_tta_section title=\u00bbCampo de f\u00fatbol y voleibol\u00bb tab_id=\u00bb1598610898098-7021e86f-7048&#8243;][g5plus_gallery hover_effect=\u00bbbubba-effect\u00bb images=\u00bb5795&#8243; columns=\u00bb4&#8243; items_md=\u00bb-1&#8243; items_sm=\u00bb-1&#8243; items_xs=\u00bb-1&#8243; items_mb=\u00bb-1&#8243; undefined=\u00bb\u00bb][\/vc_tta_section][vc_tta_section title=\u00bbExterior\u00bb tab_id=\u00bb1554820764733-37c551ca-61b9&#8243;][g5plus_gallery hover_effect=\u00bbbubba-effect\u00bb images=\u00bb5199,5201,5203,5205,5207&#8243; columns=\u00bb4&#8243; items_md=\u00bb-1&#8243; items_sm=\u00bb-1&#8243; items_xs=\u00bb-1&#8243; items_mb=\u00bb-1&#8243; undefined=\u00bb\u00bb][\/vc_tta_section][vc_tta_section title=\u00bbHabitaci\u00f3n 3&#8243; tab_id=\u00bb1598440275598-abc62942-df9d\u00bb][g5plus_gallery hover_effect=\u00bbbubba-effect\u00bb images=\u00bb5493,5495,5497,5499,5505,5503,5491,5501&#8243; columns=\u00bb4&#8243; items_md=\u00bb-1&#8243; items_sm=\u00bb-1&#8243; items_xs=\u00bb-1&#8243; items_mb=\u00bb-1&#8243; undefined=\u00bb\u00bb][\/vc_tta_section][vc_tta_section title=\u00bbHabitaci\u00f3n 4&#8243; tab_id=\u00bb1598440301868-90326ebf-d515&#8243;][g5plus_gallery hover_effect=\u00bbbubba-effect\u00bb images=\u00bb5507,5509,5513,5515&#8243; columns=\u00bb4&#8243; items_md=\u00bb-1&#8243; items_sm=\u00bb-1&#8243; items_xs=\u00bb-1&#8243; items_mb=\u00bb-1&#8243; undefined=\u00bb\u00bb][\/vc_tta_section][vc_tta_section title=\u00bbHabitaci\u00f3n 5&#8243; tab_id=\u00bb1598440309474-b4fc70b3-db51&#8243;][g5plus_gallery hover_effect=\u00bbbubba-effect\u00bb images=\u00bb5521,5523,5525,5517&#8243; columns=\u00bb4&#8243; items_md=\u00bb-1&#8243; items_sm=\u00bb-1&#8243; items_xs=\u00bb-1&#8243; items_mb=\u00bb-1&#8243; undefined=\u00bb\u00bb][\/vc_tta_section][vc_tta_section title=\u00bbHabitaci\u00f3n 6&#8243; tab_id=\u00bb1598440317574-f7577863-efd5&#8243;][g5plus_gallery hover_effect=\u00bbbubba-effect\u00bb images=\u00bb5551,5555,5557,5559,5553&#8243; columns=\u00bb4&#8243; items_md=\u00bb-1&#8243; items_sm=\u00bb-1&#8243; items_xs=\u00bb-1&#8243; items_mb=\u00bb-1&#8243; undefined=\u00bb\u00bb][\/vc_tta_section][vc_tta_section title=\u00bbHabitaci\u00f3n 7&#8243; tab_id=\u00bb1598440325036-7d1e9570-14b5&#8243;][g5plus_gallery hover_effect=\u00bbbubba-effect\u00bb images=\u00bb5569,5571,5573,5563,5565,5567&#8243; columns=\u00bb4&#8243; items_md=\u00bb-1&#8243; items_sm=\u00bb-1&#8243; items_xs=\u00bb-1&#8243; items_mb=\u00bb-1&#8243; undefined=\u00bb\u00bb][\/vc_tta_section][vc_tta_section title=\u00bbHabitaci\u00f3n 8&#8243; tab_id=\u00bb1598440333226-4e9b3dc7-dc36&#8243;][g5plus_gallery hover_effect=\u00bbbubba-effect\u00bb images=\u00bb5579,5581&#8243; columns=\u00bb4&#8243; items_md=\u00bb-1&#8243; items_sm=\u00bb-1&#8243; items_xs=\u00bb-1&#8243; items_mb=\u00bb-1&#8243; undefined=\u00bb\u00bb][\/vc_tta_section][vc_tta_section title=\u00bbBa\u00f1o\u00bb tab_id=\u00bb1598440207090-18e93323-651b\u00bb][g5plus_gallery hover_effect=\u00bbbubba-effect\u00bb images=\u00bb5179&#8243; columns=\u00bb4&#8243; items_md=\u00bb-1&#8243; items_sm=\u00bb-1&#8243; items_xs=\u00bb-1&#8243; items_mb=\u00bb-1&#8243; undefined=\u00bb\u00bb][\/vc_tta_section][vc_tta_section title=\u00bbSala TV juvenil\u00bb tab_id=\u00bb1598351190086-f462af5c-bc8a\u00bb][g5plus_gallery hover_effect=\u00bbbubba-effect\u00bb images=\u00bb5377,5379,5381&#8243; columns=\u00bb4&#8243; items_md=\u00bb-1&#8243; items_sm=\u00bb-1&#8243; items_xs=\u00bb-1&#8243; items_mb=\u00bb-1&#8243; undefined=\u00bb\u00bb][\/vc_tta_section][\/vc_tta_tabs][g5plus_space desktop=\u00bb70&#8243; tablet=\u00bb70&#8243; tablet_portrait=\u00bb60&#8243; mobile_landscape=\u00bb50&#8243; mobile=\u00bb40&#8243;][\/vc_column][\/vc_row][vc_row full_width=\u00bbstretch_row\u00bb css=\u00bb.vc_custom_1496135788729{background-color: #f8f8f8 !important;}\u00bb el_id=\u00bbamenities\u00bb][vc_column][g5plus_space desktop=\u00bb100&#8243; tablet=\u00bb100&#8243; tablet_portrait=\u00bb60&#8243; mobile_landscape=\u00bb50&#8243; mobile=\u00bb40&#8243;][g5plus_heading title=\u00bbEQUIPAMIENTOS\u00bb text_align=\u00bbtext-center\u00bb][g5plus_space desktop=\u00bb60&#8243; tablet=\u00bb60&#8243; tablet_portrait=\u00bb40&#8243; mobile_landscape=\u00bb30&#8243; mobile=\u00bb30&#8243;][vc_row_inner][vc_column_inner width=\u00bb1\/4&#8243;][g5plus_icon_box icon_font=\u00bbfa fa-wifi\u00bb title=\u00bbWifi\u00bb description=\u00bbAcceso wifi gratuito\u00bb][g5plus_space desktop=\u00bb60&#8243; tablet=\u00bb60&#8243; tablet_portrait=\u00bb40&#8243; mobile_landscape=\u00bb30&#8243; mobile=\u00bb30&#8243;][g5plus_icon_box icon_font=\u00bbfa fa-free-code-camp\u00bb title=\u00bbChimenea\u00bb description=\u00bbChimenea y le\u00f1a\u00bb][g5plus_space desktop=\u00bb60&#8243; tablet=\u00bb60&#8243; tablet_portrait=\u00bb40&#8243; mobile_landscape=\u00bb30&#8243; mobile=\u00bb30&#8243;][g5plus_icon_box icon_font=\u00bbfa fa-tint\u00bb title=\u00bbPiscina\u00bb description=\u00bbClimatizada con SPA\u00bb][g5plus_space desktop=\u00bb60&#8243; tablet=\u00bb60&#8243; tablet_portrait=\u00bb40&#8243; mobile_landscape=\u00bb30&#8243; mobile=\u00bb30&#8243;][\/vc_column_inner][vc_column_inner width=\u00bb1\/4&#8243;][g5plus_icon_box icon_font=\u00bbfa fa-fire\u00bb title=\u00bbCalefacci\u00f3n\u00bb description=\u00bbCalefacci\u00f3n\u00bb][g5plus_space desktop=\u00bb60&#8243; tablet=\u00bb60&#8243; tablet_portrait=\u00bb40&#8243; mobile_landscape=\u00bb30&#8243; mobile=\u00bb30&#8243;][g5plus_icon_box icon_font=\u00bbfa fa-map-pin\u00bb title=\u00bbUtensilios de cocina\u00bb description=\u00bbPaellas, paellero y gas butano\u00bb][g5plus_space desktop=\u00bb60&#8243; tablet=\u00bb60&#8243; tablet_portrait=\u00bb40&#8243; mobile_landscape=\u00bb30&#8243; mobile=\u00bb30&#8243;][g5plus_icon_box icon_font=\u00bbfa fa-futbol-o\u00bb title=\u00bbCampo de f\u00fatbol y voleibol\u00bb description=\u00bbCampo de f\u00fatbol y voleibol\u00bb][g5plus_space desktop=\u00bb60&#8243; tablet=\u00bb60&#8243; tablet_portrait=\u00bb40&#8243; mobile_landscape=\u00bb30&#8243; mobile=\u00bb30&#8243;][\/vc_column_inner][vc_column_inner width=\u00bb1\/4&#8243;][g5plus_icon_box icon_font=\u00bbicon-bedroom\u00bb title=\u00bbCuna y cama\u00bb description=\u00bbPara beb\u00e9s con reserva previa\u00bb][g5plus_space desktop=\u00bb60&#8243; tablet=\u00bb60&#8243; tablet_portrait=\u00bb40&#8243; mobile_landscape=\u00bb30&#8243; mobile=\u00bb30&#8243;][g5plus_icon_box icon_font=\u00bbfa fa-futbol-o\u00bb title=\u00bbSala juegos interior\u00bb description=\u00bbZona infantil y juvenil\u00bb][g5plus_space desktop=\u00bb60&#8243; tablet=\u00bb60&#8243; tablet_portrait=\u00bb40&#8243; mobile_landscape=\u00bb30&#8243; mobile=\u00bb30&#8243;][g5plus_icon_box icon_font=\u00bbfa fa-users\u00bb title=\u00bbCelebraciones\u00bb description=\u00bbCasa pensada para celebraciones familiares o grupos\u00bb][g5plus_space desktop=\u00bb60&#8243; tablet=\u00bb60&#8243; tablet_portrait=\u00bb40&#8243; mobile_landscape=\u00bb30&#8243; mobile=\u00bb30&#8243;][\/vc_column_inner][vc_column_inner width=\u00bb1\/4&#8243;][g5plus_icon_box icon_font=\u00bbfa fa-database\u00bb title=\u00bbLavander\u00eda\u00bb description=\u00bbLavadora\u00bb][g5plus_space desktop=\u00bb60&#8243; tablet=\u00bb60&#8243; tablet_portrait=\u00bb40&#8243; mobile_landscape=\u00bb30&#8243; mobile=\u00bb30&#8243;][g5plus_icon_box icon_font=\u00bbfa fa-fire\u00bb title=\u00bbBarbacoa\u00bb description=\u00bbBarbacoa\u00bb][g5plus_space desktop=\u00bb60&#8243; tablet=\u00bb60&#8243; tablet_portrait=\u00bb40&#8243; mobile_landscape=\u00bb30&#8243; mobile=\u00bb30&#8243;][g5plus_icon_box icon_font=\u00bbfa fa-cutlery\u00bb title=\u00bbComida preparada\u00bb description=\u00bbServicio de comida preparada o restaurante\u00bb][g5plus_space desktop=\u00bb60&#8243; tablet=\u00bb60&#8243; tablet_portrait=\u00bb40&#8243; mobile_landscape=\u00bb30&#8243; mobile=\u00bb30&#8243;][\/vc_column_inner][\/vc_row_inner][\/vc_column][\/vc_row][vc_row][vc_column][g5plus_space desktop=\u00bb100&#8243; tablet=\u00bb100&#8243; tablet_portrait=\u00bb60&#8243; mobile_landscape=\u00bb50&#8243; mobile=\u00bb40&#8243;][g5plus_heading sub_title=\u00bbTarifas de precios de La Parera\u00bb title=\u00bbTARIFAS\u00bb text_align=\u00bbtext-center\u00bb][g5plus_space desktop=\u00bb60&#8243; tablet=\u00bb60&#8243; tablet_portrait=\u00bb40&#8243; mobile_landscape=\u00bb30&#8243; mobile=\u00bb30&#8243;][vc_row_inner][vc_column_inner width=\u00bb1\/4&#8243;][g5plus_space desktop=\u00bb90&#8243; tablet=\u00bb70&#8243; tablet_portrait=\u00bb60&#8243; mobile_landscape=\u00bb50&#8243; mobile=\u00bb40&#8243;][\/vc_column_inner][vc_column_inner width=\u00bb1\/2&#8243;][g5plus_heading sub_title=\u00bbFIN DE SEMANA\u00bb text_align=\u00bbtext-center\u00bb][g5plus_space desktop=\u00bb60&#8243; tablet=\u00bb60&#8243; tablet_portrait=\u00bb40&#8243; mobile_landscape=\u00bb30&#8243; mobile=\u00bb30&#8243;][g5plus_pricing values=\u00bb%5B%7B%22features%22%3A%2218%20Personas%22%2C%22value%22%3A%221.944%20%E2%82%AC%22%7D%2C%7B%22features%22%3A%2219%20Personas%22%2C%22value%22%3A%222.052%20%E2%82%AC%22%7D%2C%7B%22features%22%3A%2220%20Personas%22%2C%22value%22%3A%222.160%20%E2%82%AC%22%7D%2C%7B%22features%22%3A%2221%20Personas%22%2C%22value%22%3A%222.268%20%E2%82%AC%22%7D%2C%7B%22features%22%3A%2222%20Personas%22%2C%22value%22%3A%222.376%20%E2%82%AC%22%7D%2C%7B%22features%22%3A%2223%20Personas%22%2C%22value%22%3A%222.484%20%E2%82%AC%22%7D%2C%7B%22features%22%3A%2224%20Personas%22%2C%22value%22%3A%222.592%20%E2%82%AC%22%7D%2C%7B%22features%22%3A%2225%20Personas%22%2C%22value%22%3A%222.700%20%E2%82%AC%22%7D%2C%7B%22features%22%3A%2226%20Personas%22%2C%22value%22%3A%222.808%20%E2%82%AC%22%7D%2C%7B%22features%22%3A%2227%20Personas%22%2C%22value%22%3A%222.916%20%E2%82%AC%22%7D%2C%7B%22features%22%3A%22Tasa%20tur%C3%ADstica%20(%2B%20de%2016%20a%C3%B1os)%22%2C%22value%22%3A%22No%20incluida%22%7D%2C%7B%22features%22%3A%22Ni%C3%B1os%20de%200-2%20a%C3%B1os%20gratuito%20en%20cama%20de%20viaje%20%22%2C%22value%22%3A%22Bajo%20petici%C3%B3n%22%7D%2C%7B%22features%22%3A%22Hora%20entrada%20y%20hora%20de%20salida%22%2C%22value%22%3A%2218.00h%22%7D%2C%7B%22features%22%3A%22Pago%22%2C%22value%22%3A%22En%20efectivo%20o%20tarjeta%20de%20cr%C3%A9dito%22%7D%2C%7B%22features%22%3A%22Estancia%20m%C3%ADnima%22%2C%22value%22%3A%22Dos%20noches%2C%20de%20viernes%20a%20domingo%22%7D%2C%7B%22features%22%3A%22Se%20aceptan%20animales%22%2C%22value%22%3A%22Hasta%205kg%22%7D%5D\u00bb price=\u00bb54 \u20ac\u00bb name=\u00bbnoche\u00bb][\/vc_column_inner][vc_column_inner width=\u00bb1\/4&#8243;][g5plus_space desktop=\u00bb90&#8243; tablet=\u00bb70&#8243; tablet_portrait=\u00bb60&#8243; mobile_landscape=\u00bb50&#8243; mobile=\u00bb40&#8243;][\/vc_column_inner][\/vc_row_inner][g5plus_space desktop=\u00bb60&#8243; tablet=\u00bb60&#8243; tablet_portrait=\u00bb40&#8243; mobile_landscape=\u00bb30&#8243; mobile=\u00bb30&#8243;][vc_row_inner][vc_column_inner width=\u00bb1\/4&#8243;][g5plus_space desktop=\u00bb90&#8243; tablet=\u00bb70&#8243; tablet_portrait=\u00bb60&#8243; mobile_landscape=\u00bb50&#8243; mobile=\u00bb40&#8243;][\/vc_column_inner][vc_column_inner width=\u00bb1\/2&#8243;][g5plus_heading sub_title=\u00bbSEMANA COMPLETA\u00bb text_align=\u00bbtext-center\u00bb][g5plus_space desktop=\u00bb30&#8243; tablet=\u00bb30&#8243; tablet_portrait=\u00bb30&#8243; mobile_landscape=\u00bb15&#8243; mobile=\u00bb15&#8243;][vc_column_text]<\/p>\n<p style=\"text-align: center;\">PRECIO A COSNULTAR.<\/p>\n<p>[\/vc_column_text][g5plus_space desktop=\u00bb30&#8243; tablet=\u00bb30&#8243; tablet_portrait=\u00bb30&#8243; mobile_landscape=\u00bb15&#8243; mobile=\u00bb15&#8243;][g5plus_pricing name_style=\u00bbpr_bgr\u00bb values=\u00bb%5B%7B%22features%22%3A%22Tasa%20tur%C3%ADstica%20(%2B%20de%2016%20a%C3%B1os)%22%2C%22value%22%3A%22No%20incluida%22%7D%2C%7B%22features%22%3A%22%20Ni%C3%B1os%20de%200-2%20a%C3%B1os%20gratuito%20en%20cama%20de%20viaje%20%22%2C%22value%22%3A%22Bajo%20petici%C3%B3n%22%7D%2C%7B%22features%22%3A%22Horario%22%2C%22value%22%3A%22Entrada%2018.00h%20y%20salida%2010.00h%22%7D%2C%7B%22features%22%3A%22Pago%22%2C%22value%22%3A%22En%20efectivo%20o%20tarjeta%20de%20cr%C3%A9dito%22%7D%2C%7B%22features%22%3A%22Estancia%20m%C3%ADnima%22%2C%22value%22%3A%227%20d%C3%ADas%20%2F%206%20noches%22%7D%2C%7B%22features%22%3A%22Se%20aceptan%20animales%22%2C%22value%22%3A%22Hasta%205kg%22%7D%5D\u00bb][\/vc_column_inner][vc_column_inner width=\u00bb1\/4&#8243;][g5plus_space desktop=\u00bb90&#8243; tablet=\u00bb70&#8243; tablet_portrait=\u00bb60&#8243; mobile_landscape=\u00bb50&#8243; mobile=\u00bb40&#8243;][\/vc_column_inner][\/vc_row_inner][g5plus_space desktop=\u00bb60&#8243; tablet=\u00bb60&#8243; tablet_portrait=\u00bb40&#8243; mobile_landscape=\u00bb30&#8243; mobile=\u00bb30&#8243;][g5plus_heading sub_title=\u00bbPUENTES Y FECHAS ESPECIALES\u00bb text_align=\u00bbtext-center\u00bb][g5plus_space desktop=\u00bb30&#8243; tablet=\u00bb30&#8243; tablet_portrait=\u00bb30&#8243; mobile_landscape=\u00bb15&#8243; mobile=\u00bb15&#8243;][vc_column_text]<\/p>\n<p style=\"text-align: center;\">PRECIO A CONSULTAR.<\/p>\n<p>[\/vc_column_text][\/vc_column][\/vc_row][vc_row][vc_column][g5plus_space desktop=\u00bb100&#8243; tablet=\u00bb100&#8243; tablet_portrait=\u00bb60&#8243; mobile_landscape=\u00bb50&#8243; mobile=\u00bb40&#8243;][g5plus_heading title=\u00bbRESERVAS ONLINE\u00bb text_align=\u00bbtext-center\u00bb][g5plus_space desktop=\u00bb60&#8243; tablet=\u00bb60&#8243; tablet_portrait=\u00bb40&#8243; mobile_landscape=\u00bb30&#8243; mobile=\u00bb30&#8243;][g5plus_button title=\u00bbReservar\u00bb style=\u00bbclassic\u00bb align=\u00bbcenter\u00bb link=\u00bburl:https%3A%2F%2Fberguedaturismerural.com%2Fes%2Fcontacte%2F|||\u00bb][g5plus_space desktop=\u00bb60&#8243; tablet=\u00bb60&#8243; tablet_portrait=\u00bb40&#8243; mobile_landscape=\u00bb30&#8243; mobile=\u00bb30&#8243;][vc_column_text]<\/p>\n<p style=\"text-align: center;\"><strong>E-MAIL:<\/strong> <a href=\"mailto:info@berguedaturismerural.com\" target=\"_blank\" rel=\"noopener noreferrer\">info@berguedaturismerural.com<\/a><\/p>\n<p>[\/vc_column_text][g5plus_space desktop=\u00bb60&#8243; tablet=\u00bb60&#8243; tablet_portrait=\u00bb40&#8243; mobile_landscape=\u00bb30&#8243; mobile=\u00bb30&#8243;][\/vc_column][\/vc_row][vc_row][vc_column][g5plus_space desktop=\u00bb100&#8243; tablet=\u00bb100&#8243; tablet_portrait=\u00bb60&#8243; mobile_landscape=\u00bb50&#8243; mobile=\u00bb40&#8243;][g5plus_heading title=\u00bbDISPONIBILIDAD\u00bb text_align=\u00bbtext-center\u00bb color_scheme=\u00bbcolor-light\u00bb][g5plus_space desktop=\u00bb60&#8243; tablet=\u00bb60&#8243; tablet_portrait=\u00bb40&#8243; mobile_landscape=\u00bb30&#8243; mobile=\u00bb30&#8243;][vc_column_text]<\/p>\n<div align=\"center\">\n<div style=\"background: #FFFFFF; width: 685px; height: 335px;\">\n<p><script type=\"text\/javascript\" src=\"https:\/\/www.escapadarural.com\/widget-js\/615d80b2ed431\"><\/script><\/p>\n<div style=\"font: normal 10px arial; color: #353535; text-align: right;\"><a style=\"font: normal 10px arial; text-decoration: none; color: #353535;\" title=\"EscapadaRural.com\" href=\"https:\/\/www.escapadarural.com\" target=\"_blank\" rel=\"nofollow noopener\">EscapadaRural.com<\/a><\/div>\n<\/div>\n<p>&nbsp;<\/p>\n<\/div>\n<p>[\/vc_column_text][\/vc_column][\/vc_row][vc_row el_id=\u00bbdimensions\u00bb][vc_column][g5plus_space desktop=\u00bb100&#8243; tablet=\u00bb100&#8243; tablet_portrait=\u00bb60&#8243; mobile_landscape=\u00bb50&#8243; mobile=\u00bb40&#8243;][g5plus_heading title=\u00bbDISTRIBUCIONES\u00bb text_align=\u00bbtext-center\u00bb][g5plus_space desktop=\u00bb60&#8243; tablet=\u00bb60&#8243; tablet_portrait=\u00bb40&#8243; mobile_landscape=\u00bb30&#8243; mobile=\u00bb30&#8243;][g5plus_heading sub_title=\u00bbPlanta Baja\u00bb text_align=\u00bbtext-center\u00bb][g5plus_space desktop=\u00bb60&#8243; tablet=\u00bb60&#8243; tablet_portrait=\u00bb40&#8243; mobile_landscape=\u00bb30&#8243; mobile=\u00bb30&#8243;][vc_tta_tour style=\u00bbg5-beyot-tour-2&#8243; spacing=\u00bb\u00bb controls_size=\u00bbsm\u00bb active_section=\u00bb1&#8243;][vc_tta_section title=\u00bbEntrada\u00bb tab_id=\u00bbbath-room3c93-4bf1&#8243;][vc_column_text]<img loading=\"lazy\" decoding=\"async\" class=\"alignnone wp-image-5584 size-full\" src=\"https:\/\/berguedaturismerural.com\/wp-content\/uploads\/2020\/08\/entrada_2.jpg\" alt=\"\" width=\"837\" height=\"321\" srcset=\"https:\/\/berguedaturismerural.com\/wp-content\/uploads\/2020\/08\/entrada_2.jpg 837w, https:\/\/berguedaturismerural.com\/wp-content\/uploads\/2020\/08\/entrada_2-300x115.jpg 300w, https:\/\/berguedaturismerural.com\/wp-content\/uploads\/2020\/08\/entrada_2-768x295.jpg 768w, https:\/\/berguedaturismerural.com\/wp-content\/uploads\/2020\/08\/entrada_2-500x192.jpg 500w, https:\/\/berguedaturismerural.com\/wp-content\/uploads\/2020\/08\/entrada_2-800x307.jpg 800w\" sizes=\"auto, (max-width: 837px) 100vw, 837px\" \/><\/p>\n<h3 style=\"font-size: 21px; font-weight: bold;\">Entrada<\/h3>\n<p>[\/vc_column_text][\/vc_tta_section][vc_tta_section title=\u00bbSala de juegos\u00bb tab_id=\u00bblan-area3c93-4bf1&#8243;][vc_column_text]<img loading=\"lazy\" decoding=\"async\" class=\"alignnone wp-image-5397 size-full\" src=\"https:\/\/berguedaturismerural.com\/wp-content\/uploads\/2020\/08\/salajocs_1.jpg\" alt=\"\" width=\"837\" height=\"320\" srcset=\"https:\/\/berguedaturismerural.com\/wp-content\/uploads\/2020\/08\/salajocs_1.jpg 837w, https:\/\/berguedaturismerural.com\/wp-content\/uploads\/2020\/08\/salajocs_1-300x115.jpg 300w, https:\/\/berguedaturismerural.com\/wp-content\/uploads\/2020\/08\/salajocs_1-768x294.jpg 768w, https:\/\/berguedaturismerural.com\/wp-content\/uploads\/2020\/08\/salajocs_1-500x191.jpg 500w, https:\/\/berguedaturismerural.com\/wp-content\/uploads\/2020\/08\/salajocs_1-800x306.jpg 800w\" sizes=\"auto, (max-width: 837px) 100vw, 837px\" \/><\/p>\n<h3 style=\"font-size: 21px; font-weight: bold;\">Sala de juegos<\/h3>\n<p>Sala con un espacio amplio donde hay una zona de estar con billar y una mesa de ping pong.[\/vc_column_text][\/vc_tta_section][vc_tta_section title=\u00bbBa\u00f1o\u00bb tab_id=\u00bbbed-room3c93-4bf1&#8243;][vc_column_text]<img loading=\"lazy\" decoding=\"async\" class=\"alignnone wp-image-5446 size-full\" src=\"https:\/\/berguedaturismerural.com\/wp-content\/uploads\/2020\/08\/bany_2.jpg\" alt=\"\" width=\"837\" height=\"320\" srcset=\"https:\/\/berguedaturismerural.com\/wp-content\/uploads\/2020\/08\/bany_2.jpg 837w, https:\/\/berguedaturismerural.com\/wp-content\/uploads\/2020\/08\/bany_2-300x115.jpg 300w, https:\/\/berguedaturismerural.com\/wp-content\/uploads\/2020\/08\/bany_2-768x294.jpg 768w, https:\/\/berguedaturismerural.com\/wp-content\/uploads\/2020\/08\/bany_2-500x191.jpg 500w, https:\/\/berguedaturismerural.com\/wp-content\/uploads\/2020\/08\/bany_2-800x306.jpg 800w\" sizes=\"auto, (max-width: 837px) 100vw, 837px\" \/><\/p>\n<h3 style=\"font-size: 21px; font-weight: bold;\">Ba\u00f1o<\/h3>\n<p>de cortes\u00eda.[\/vc_column_text][\/vc_tta_section][vc_tta_section title=\u00bbComedor\u00bb tab_id=\u00bbdress-room3c93-4bf1&#8243;][vc_column_text]<img loading=\"lazy\" decoding=\"async\" class=\"alignnone wp-image-5401 size-full\" src=\"https:\/\/berguedaturismerural.com\/wp-content\/uploads\/2020\/08\/menjador_1.jpg\" alt=\"\" width=\"837\" height=\"320\" srcset=\"https:\/\/berguedaturismerural.com\/wp-content\/uploads\/2020\/08\/menjador_1.jpg 837w, https:\/\/berguedaturismerural.com\/wp-content\/uploads\/2020\/08\/menjador_1-300x115.jpg 300w, https:\/\/berguedaturismerural.com\/wp-content\/uploads\/2020\/08\/menjador_1-768x294.jpg 768w, https:\/\/berguedaturismerural.com\/wp-content\/uploads\/2020\/08\/menjador_1-500x191.jpg 500w, https:\/\/berguedaturismerural.com\/wp-content\/uploads\/2020\/08\/menjador_1-800x306.jpg 800w\" sizes=\"auto, (max-width: 837px) 100vw, 837px\" \/><\/p>\n<h3 style=\"font-size: 21px; font-weight: bold;\">Comedor<\/h3>\n<p>Dispone de una gran mesa para meter a todos los comensales.[\/vc_column_text][\/vc_tta_section][vc_tta_section title=\u00bbCocina\u00bb tab_id=\u00bbgarage3c93-4bf1&#8243;][vc_column_text]<img loading=\"lazy\" decoding=\"async\" class=\"alignnone wp-image-5403 size-full\" src=\"https:\/\/berguedaturismerural.com\/wp-content\/uploads\/2020\/08\/cuina_1.jpg\" alt=\"\" width=\"837\" height=\"320\" srcset=\"https:\/\/berguedaturismerural.com\/wp-content\/uploads\/2020\/08\/cuina_1.jpg 837w, https:\/\/berguedaturismerural.com\/wp-content\/uploads\/2020\/08\/cuina_1-300x115.jpg 300w, https:\/\/berguedaturismerural.com\/wp-content\/uploads\/2020\/08\/cuina_1-768x294.jpg 768w, https:\/\/berguedaturismerural.com\/wp-content\/uploads\/2020\/08\/cuina_1-500x191.jpg 500w, https:\/\/berguedaturismerural.com\/wp-content\/uploads\/2020\/08\/cuina_1-800x306.jpg 800w\" sizes=\"auto, (max-width: 837px) 100vw, 837px\" \/><\/p>\n<h3 style=\"font-size: 21px; font-weight: bold;\">Cocina<\/h3>\n<p>Cocina abierta al comedor, totalmente equipada con 2 lavavajillas, 2 neveras, congelador, 2 hornos, microondas, vitro de inducci\u00f3n de gran formato, cafetera Nespresso y cafetera italiana. Menaje del hogar. Est\u00e1 totalmente equipada para cocinar para grupos grandes.[\/vc_column_text][\/vc_tta_section][vc_tta_section title=\u00bbSala de estar\u00bb tab_id=\u00bbdining-room3c93-4bf1&#8243;][vc_column_text]<img loading=\"lazy\" decoding=\"async\" class=\"alignnone wp-image-5448 size-full\" src=\"https:\/\/berguedaturismerural.com\/wp-content\/uploads\/2020\/08\/sala_1.jpg\" alt=\"\" width=\"837\" height=\"320\" srcset=\"https:\/\/berguedaturismerural.com\/wp-content\/uploads\/2020\/08\/sala_1.jpg 837w, https:\/\/berguedaturismerural.com\/wp-content\/uploads\/2020\/08\/sala_1-300x115.jpg 300w, https:\/\/berguedaturismerural.com\/wp-content\/uploads\/2020\/08\/sala_1-768x294.jpg 768w, https:\/\/berguedaturismerural.com\/wp-content\/uploads\/2020\/08\/sala_1-500x191.jpg 500w, https:\/\/berguedaturismerural.com\/wp-content\/uploads\/2020\/08\/sala_1-800x306.jpg 800w\" sizes=\"auto, (max-width: 837px) 100vw, 837px\" \/><\/p>\n<h3 style=\"font-size: 21px; font-weight: bold;\">Sala de estar<\/h3>\n<p>Amplia sala de estar con zona de TV, zona de chimenea y mesa para juegos. Grandes ventanas y vistas panor\u00e1micas.[\/vc_column_text][\/vc_tta_section][vc_tta_section title=\u00bbHabitaci\u00f3n 1&#8243; tab_id=\u00bbkitchen3c93-4bf1&#8243;][vc_column_text]<img loading=\"lazy\" decoding=\"async\" class=\"alignnone wp-image-5407 size-full\" src=\"https:\/\/berguedaturismerural.com\/wp-content\/uploads\/2020\/08\/hab1.jpg\" alt=\"\" width=\"837\" height=\"320\" srcset=\"https:\/\/berguedaturismerural.com\/wp-content\/uploads\/2020\/08\/hab1.jpg 837w, https:\/\/berguedaturismerural.com\/wp-content\/uploads\/2020\/08\/hab1-300x115.jpg 300w, https:\/\/berguedaturismerural.com\/wp-content\/uploads\/2020\/08\/hab1-768x294.jpg 768w, https:\/\/berguedaturismerural.com\/wp-content\/uploads\/2020\/08\/hab1-500x191.jpg 500w, https:\/\/berguedaturismerural.com\/wp-content\/uploads\/2020\/08\/hab1-800x306.jpg 800w\" sizes=\"auto, (max-width: 837px) 100vw, 837px\" \/><\/p>\n<h3 style=\"font-size: 21px; font-weight: bold;\">Habitaci\u00f3n 1<\/h3>\n<p>Habitaci\u00f3n con 1 cama de matrimonio de 180\u00d7200 (o 2 camas de 90&#215;200), y 2 camas complementarias (bajo petici\u00f3n del cliente). Ba\u00f1o privado con ducha.[\/vc_column_text][\/vc_tta_section][vc_tta_section title=\u00bbHabitaci\u00f3n 2 adaptada\u00bb tab_id=\u00bblanding3c93-4bf1&#8243;][vc_column_text]<img loading=\"lazy\" decoding=\"async\" class=\"alignnone wp-image-5409 size-full\" src=\"https:\/\/berguedaturismerural.com\/wp-content\/uploads\/2020\/08\/hab2.jpg\" alt=\"\" width=\"837\" height=\"320\" srcset=\"https:\/\/berguedaturismerural.com\/wp-content\/uploads\/2020\/08\/hab2.jpg 837w, https:\/\/berguedaturismerural.com\/wp-content\/uploads\/2020\/08\/hab2-300x115.jpg 300w, https:\/\/berguedaturismerural.com\/wp-content\/uploads\/2020\/08\/hab2-768x294.jpg 768w, https:\/\/berguedaturismerural.com\/wp-content\/uploads\/2020\/08\/hab2-500x191.jpg 500w, https:\/\/berguedaturismerural.com\/wp-content\/uploads\/2020\/08\/hab2-800x306.jpg 800w\" sizes=\"auto, (max-width: 837px) 100vw, 837px\" \/><\/p>\n<h3 style=\"font-size: 21px; font-weight: bold;\">Habitaci\u00f3n 2 adaptada<\/h3>\n<p>Habitaci\u00f3n con cama de matrimonio de 180\u00d7200 (o 2 camas de 90&#215;200) con salida al jard\u00edn. Ba\u00f1o privado con ducha.[\/vc_column_text][\/vc_tta_section][vc_tta_section title=\u00bbSala TV\u00bb tab_id=\u00bbliving_room3c93-4bf1&#8243;][vc_column_text]<img loading=\"lazy\" decoding=\"async\" class=\"alignnone wp-image-5405 size-full\" src=\"https:\/\/berguedaturismerural.com\/wp-content\/uploads\/2020\/08\/salaestar_1.jpg\" alt=\"\" width=\"837\" height=\"320\" srcset=\"https:\/\/berguedaturismerural.com\/wp-content\/uploads\/2020\/08\/salaestar_1.jpg 837w, https:\/\/berguedaturismerural.com\/wp-content\/uploads\/2020\/08\/salaestar_1-300x115.jpg 300w, https:\/\/berguedaturismerural.com\/wp-content\/uploads\/2020\/08\/salaestar_1-768x294.jpg 768w, https:\/\/berguedaturismerural.com\/wp-content\/uploads\/2020\/08\/salaestar_1-500x191.jpg 500w, https:\/\/berguedaturismerural.com\/wp-content\/uploads\/2020\/08\/salaestar_1-800x306.jpg 800w\" sizes=\"auto, (max-width: 837px) 100vw, 837px\" \/><\/p>\n<h3 style=\"font-size: 21px; font-weight: bold;\">Sala TV<\/h3>\n<p>[\/vc_column_text][\/vc_tta_section][vc_tta_section title=\u00bbJard\u00edn\u00bb tab_id=\u00bbkid-room3c93-4bf1&#8243;][vc_column_text]<img loading=\"lazy\" decoding=\"async\" class=\"alignnone wp-image-5418 size-full\" src=\"https:\/\/berguedaturismerural.com\/wp-content\/uploads\/2020\/08\/jardi_1-1.jpg\" alt=\"\" width=\"837\" height=\"320\" srcset=\"https:\/\/berguedaturismerural.com\/wp-content\/uploads\/2020\/08\/jardi_1-1.jpg 837w, https:\/\/berguedaturismerural.com\/wp-content\/uploads\/2020\/08\/jardi_1-1-300x115.jpg 300w, https:\/\/berguedaturismerural.com\/wp-content\/uploads\/2020\/08\/jardi_1-1-768x294.jpg 768w, https:\/\/berguedaturismerural.com\/wp-content\/uploads\/2020\/08\/jardi_1-1-500x191.jpg 500w, https:\/\/berguedaturismerural.com\/wp-content\/uploads\/2020\/08\/jardi_1-1-800x306.jpg 800w\" sizes=\"auto, (max-width: 837px) 100vw, 837px\" \/><\/p>\n<h3 style=\"font-size: 21px; font-weight: bold;\">Jard\u00edn<\/h3>\n<p>zona de estar exterior con sof\u00e1s, aseo de cortes\u00eda y zona de juegos infantil.[\/vc_column_text][\/vc_tta_section][vc_tta_section title=\u00bbZona piscina con spa\u00bb tab_id=\u00bbswimming-pool3c93-4bf1&#8243;][vc_column_text]<\/p>\n<h3 style=\"font-size: 21px; font-weight: bold;\"><img loading=\"lazy\" decoding=\"async\" class=\"alignnone wp-image-5792 size-full\" src=\"https:\/\/berguedaturismerural.com\/wp-content\/uploads\/2021\/11\/piscina-horitzontal.jpg\" alt=\"\" width=\"837\" height=\"320\" srcset=\"https:\/\/berguedaturismerural.com\/wp-content\/uploads\/2021\/11\/piscina-horitzontal.jpg 837w, https:\/\/berguedaturismerural.com\/wp-content\/uploads\/2021\/11\/piscina-horitzontal-300x115.jpg 300w, https:\/\/berguedaturismerural.com\/wp-content\/uploads\/2021\/11\/piscina-horitzontal-768x294.jpg 768w, https:\/\/berguedaturismerural.com\/wp-content\/uploads\/2021\/11\/piscina-horitzontal-500x191.jpg 500w, https:\/\/berguedaturismerural.com\/wp-content\/uploads\/2021\/11\/piscina-horitzontal-800x306.jpg 800w\" sizes=\"auto, (max-width: 837px) 100vw, 837px\" \/><\/h3>\n<h3 style=\"font-size: 21px; font-weight: bold;\">Zona piscina con spa<\/h3>\n<p>[\/vc_column_text][\/vc_tta_section][vc_tta_section title=\u00bbBarbacoa\u00bb tab_id=\u00bb1554976897380-ed1e0321-22f2&#8243;][vc_column_text]<img loading=\"lazy\" decoding=\"async\" class=\"alignnone wp-image-5422 size-full\" src=\"https:\/\/berguedaturismerural.com\/wp-content\/uploads\/2020\/08\/barbacoa_1.jpg\" alt=\"\" width=\"837\" height=\"320\" srcset=\"https:\/\/berguedaturismerural.com\/wp-content\/uploads\/2020\/08\/barbacoa_1.jpg 837w, https:\/\/berguedaturismerural.com\/wp-content\/uploads\/2020\/08\/barbacoa_1-300x115.jpg 300w, https:\/\/berguedaturismerural.com\/wp-content\/uploads\/2020\/08\/barbacoa_1-768x294.jpg 768w, https:\/\/berguedaturismerural.com\/wp-content\/uploads\/2020\/08\/barbacoa_1-500x191.jpg 500w, https:\/\/berguedaturismerural.com\/wp-content\/uploads\/2020\/08\/barbacoa_1-800x306.jpg 800w\" sizes=\"auto, (max-width: 837px) 100vw, 837px\" \/><\/p>\n<h3 style=\"font-size: 21px; font-weight: bold;\">Barbacoa<\/h3>\n<p>Amplia sala con vidrieras y vistas panor\u00e1micas, con una mesa para todos los comensales. Nevera y barbacoa.[\/vc_column_text][\/vc_tta_section][vc_tta_section title=\u00bbZona aparcamiento\u00bb tab_id=\u00bb1593597206923-a4de2e7c-40e2&#8243;][vc_column_text]<img loading=\"lazy\" decoding=\"async\" class=\"alignnone wp-image-5424 size-full\" src=\"https:\/\/berguedaturismerural.com\/wp-content\/uploads\/2020\/08\/zona_1.jpg\" alt=\"\" width=\"837\" height=\"320\" srcset=\"https:\/\/berguedaturismerural.com\/wp-content\/uploads\/2020\/08\/zona_1.jpg 837w, https:\/\/berguedaturismerural.com\/wp-content\/uploads\/2020\/08\/zona_1-300x115.jpg 300w, https:\/\/berguedaturismerural.com\/wp-content\/uploads\/2020\/08\/zona_1-768x294.jpg 768w, https:\/\/berguedaturismerural.com\/wp-content\/uploads\/2020\/08\/zona_1-500x191.jpg 500w, https:\/\/berguedaturismerural.com\/wp-content\/uploads\/2020\/08\/zona_1-800x306.jpg 800w\" sizes=\"auto, (max-width: 837px) 100vw, 837px\" \/><\/p>\n<h3 style=\"font-size: 21px; font-weight: bold;\">Zona aparcamiento<\/h3>\n<p>[\/vc_column_text][\/vc_tta_section][vc_tta_section title=\u00bbCampo de f\u00fatbol y voleibol\u00bb tab_id=\u00bb1593597236654-341f3516-cb13&#8243;][vc_column_text]<\/p>\n<h3 style=\"font-size: 21px; font-weight: bold;\"><img loading=\"lazy\" decoding=\"async\" class=\"alignnone wp-image-5797 size-full\" src=\"https:\/\/berguedaturismerural.com\/wp-content\/uploads\/2021\/11\/voley-horitzontal.jpg\" alt=\"\" width=\"837\" height=\"320\" srcset=\"https:\/\/berguedaturismerural.com\/wp-content\/uploads\/2021\/11\/voley-horitzontal.jpg 837w, https:\/\/berguedaturismerural.com\/wp-content\/uploads\/2021\/11\/voley-horitzontal-300x115.jpg 300w, https:\/\/berguedaturismerural.com\/wp-content\/uploads\/2021\/11\/voley-horitzontal-768x294.jpg 768w, https:\/\/berguedaturismerural.com\/wp-content\/uploads\/2021\/11\/voley-horitzontal-500x191.jpg 500w, https:\/\/berguedaturismerural.com\/wp-content\/uploads\/2021\/11\/voley-horitzontal-800x306.jpg 800w\" sizes=\"auto, (max-width: 837px) 100vw, 837px\" \/><\/h3>\n<h3 style=\"font-size: 21px; font-weight: bold;\">Campo de f\u00fatbol y voleibol<\/h3>\n<p>[\/vc_column_text][\/vc_tta_section][\/vc_tta_tour][g5plus_heading sub_title=\u00bbPrimera Planta\u00bb text_align=\u00bbtext-center\u00bb][g5plus_space desktop=\u00bb60&#8243; tablet=\u00bb60&#8243; tablet_portrait=\u00bb40&#8243; mobile_landscape=\u00bb30&#8243; mobile=\u00bb30&#8243;][vc_tta_tour style=\u00bbg5-beyot-tour-2&#8243; spacing=\u00bb\u00bb controls_size=\u00bbsm\u00bb active_section=\u00bb1&#8243;][vc_tta_section title=\u00bbHabitaci\u00f3n 3&#8243; tab_id=\u00bb1598440974087-4964049e-63ad\u00bb][vc_column_text]<img loading=\"lazy\" decoding=\"async\" class=\"alignnone wp-image-5426 size-full\" src=\"https:\/\/berguedaturismerural.com\/wp-content\/uploads\/2020\/08\/habitaci\u00f33_1.jpg\" alt=\"\" width=\"837\" height=\"320\" srcset=\"https:\/\/berguedaturismerural.com\/wp-content\/uploads\/2020\/08\/habitaci\u00f33_1.jpg 837w, https:\/\/berguedaturismerural.com\/wp-content\/uploads\/2020\/08\/habitaci\u00f33_1-300x115.jpg 300w, https:\/\/berguedaturismerural.com\/wp-content\/uploads\/2020\/08\/habitaci\u00f33_1-768x294.jpg 768w, https:\/\/berguedaturismerural.com\/wp-content\/uploads\/2020\/08\/habitaci\u00f33_1-500x191.jpg 500w, https:\/\/berguedaturismerural.com\/wp-content\/uploads\/2020\/08\/habitaci\u00f33_1-800x306.jpg 800w\" sizes=\"auto, (max-width: 837px) 100vw, 837px\" \/><\/p>\n<h3 style=\"font-size: 21px; font-weight: bold;\">Habitaci\u00f3 3<\/h3>\n<p>Habitaci\u00f3n con 1 cama de matrimonio de 180\u00d7200 (o 2 camas de 90&#215;200) y 1 cama complementaria (a petici\u00f3n del cliente). Ba\u00f1o privado con ducha.[\/vc_column_text][\/vc_tta_section][vc_tta_section title=\u00bbHabitaci\u00f3n 4&#8243; tab_id=\u00bb1598440974284-dbe11144-906a\u00bb][vc_column_text]<img loading=\"lazy\" decoding=\"async\" class=\"alignnone wp-image-5428 size-full\" src=\"https:\/\/berguedaturismerural.com\/wp-content\/uploads\/2020\/08\/habitacio4_1.jpg\" alt=\"\" width=\"837\" height=\"320\" srcset=\"https:\/\/berguedaturismerural.com\/wp-content\/uploads\/2020\/08\/habitacio4_1.jpg 837w, https:\/\/berguedaturismerural.com\/wp-content\/uploads\/2020\/08\/habitacio4_1-300x115.jpg 300w, https:\/\/berguedaturismerural.com\/wp-content\/uploads\/2020\/08\/habitacio4_1-768x294.jpg 768w, https:\/\/berguedaturismerural.com\/wp-content\/uploads\/2020\/08\/habitacio4_1-500x191.jpg 500w, https:\/\/berguedaturismerural.com\/wp-content\/uploads\/2020\/08\/habitacio4_1-800x306.jpg 800w\" sizes=\"auto, (max-width: 837px) 100vw, 837px\" \/><\/p>\n<h3 style=\"font-size: 21px; font-weight: bold;\">Habitaci\u00f3n 4<\/h3>\n<p>Habitaci\u00f3n con cama de 180\u00d7200 (o 2 camas de 90&#215;200). Ba\u00f1o privado con ducha.[\/vc_column_text][\/vc_tta_section][vc_tta_section title=\u00bbHabitaci\u00f3n 5&#8243; tab_id=\u00bb1598440974476-5b75557a-ad93&#8243;][vc_column_text]<img loading=\"lazy\" decoding=\"async\" class=\"alignnone wp-image-5430 size-full\" src=\"https:\/\/berguedaturismerural.com\/wp-content\/uploads\/2020\/08\/habitaci\u00f35_1.jpg\" alt=\"\" width=\"837\" height=\"320\" srcset=\"https:\/\/berguedaturismerural.com\/wp-content\/uploads\/2020\/08\/habitaci\u00f35_1.jpg 837w, https:\/\/berguedaturismerural.com\/wp-content\/uploads\/2020\/08\/habitaci\u00f35_1-300x115.jpg 300w, https:\/\/berguedaturismerural.com\/wp-content\/uploads\/2020\/08\/habitaci\u00f35_1-768x294.jpg 768w, https:\/\/berguedaturismerural.com\/wp-content\/uploads\/2020\/08\/habitaci\u00f35_1-500x191.jpg 500w, https:\/\/berguedaturismerural.com\/wp-content\/uploads\/2020\/08\/habitaci\u00f35_1-800x306.jpg 800w\" sizes=\"auto, (max-width: 837px) 100vw, 837px\" \/><\/p>\n<h3 style=\"font-size: 21px; font-weight: bold;\">Habitaci\u00f3n 5<\/h3>\n<p>Habitaci\u00f3n con 1 cama de matrimonio de 180\u00d7200 (o 2 camas de 90&#215;200) y 1 cama complementaria (a petici\u00f3n del cliente). Ba\u00f1o privado con ducha.[\/vc_column_text][\/vc_tta_section][vc_tta_section title=\u00bbHabitaci\u00f3n 6&#8243; tab_id=\u00bb1598440974669-a4cff6fa-8adb\u00bb][vc_column_text]<\/p>\n<p><img loading=\"lazy\" decoding=\"async\" class=\"alignnone wp-image-5432 size-full\" src=\"https:\/\/berguedaturismerural.com\/wp-content\/uploads\/2020\/08\/habitaci\u00f36_1.jpg\" alt=\"\" width=\"837\" height=\"320\" srcset=\"https:\/\/berguedaturismerural.com\/wp-content\/uploads\/2020\/08\/habitaci\u00f36_1.jpg 837w, https:\/\/berguedaturismerural.com\/wp-content\/uploads\/2020\/08\/habitaci\u00f36_1-300x115.jpg 300w, https:\/\/berguedaturismerural.com\/wp-content\/uploads\/2020\/08\/habitaci\u00f36_1-768x294.jpg 768w, https:\/\/berguedaturismerural.com\/wp-content\/uploads\/2020\/08\/habitaci\u00f36_1-500x191.jpg 500w, https:\/\/berguedaturismerural.com\/wp-content\/uploads\/2020\/08\/habitaci\u00f36_1-800x306.jpg 800w\" sizes=\"auto, (max-width: 837px) 100vw, 837px\" \/><\/p>\n<h3 style=\"font-size: 21px; font-weight: bold;\">Habitaci\u00f3n 6<\/h3>\n<p>Habitaci\u00f3n con cama de 180\u00d7200 (o 2 camas de 90&#215;200). Ba\u00f1o privado con ducha.<\/p>\n<p>[\/vc_column_text][\/vc_tta_section][\/vc_tta_tour][g5plus_heading sub_title=\u00bbSegunda Planta\u00bb text_align=\u00bbtext-center\u00bb][g5plus_space desktop=\u00bb60&#8243; tablet=\u00bb60&#8243; tablet_portrait=\u00bb40&#8243; mobile_landscape=\u00bb30&#8243; mobile=\u00bb30&#8243;][vc_tta_tour style=\u00bbg5-beyot-tour-2&#8243; spacing=\u00bb\u00bb controls_size=\u00bbsm\u00bb active_section=\u00bb1&#8243;][vc_tta_section title=\u00bbHabitaci\u00f3n 7&#8243; tab_id=\u00bb1598441036418-33d7ad11-6ed3&#8243;][vc_column_text]<img loading=\"lazy\" decoding=\"async\" class=\"alignnone wp-image-5434 size-full\" src=\"https:\/\/berguedaturismerural.com\/wp-content\/uploads\/2020\/08\/habitacio7_1.jpg\" alt=\"\" width=\"837\" height=\"320\" srcset=\"https:\/\/berguedaturismerural.com\/wp-content\/uploads\/2020\/08\/habitacio7_1.jpg 837w, https:\/\/berguedaturismerural.com\/wp-content\/uploads\/2020\/08\/habitacio7_1-300x115.jpg 300w, https:\/\/berguedaturismerural.com\/wp-content\/uploads\/2020\/08\/habitacio7_1-768x294.jpg 768w, https:\/\/berguedaturismerural.com\/wp-content\/uploads\/2020\/08\/habitacio7_1-500x191.jpg 500w, https:\/\/berguedaturismerural.com\/wp-content\/uploads\/2020\/08\/habitacio7_1-800x306.jpg 800w\" sizes=\"auto, (max-width: 837px) 100vw, 837px\" \/><\/p>\n<h3 style=\"font-size: 21px; font-weight: bold;\">Habitaci\u00f3n 7<\/h3>\n<p>Habitaci\u00f3n con cama de matrimonio de 180&#215;200 (o 2 camas de 90&#215;200) con 2 camas complementaria (bajo petici\u00f3n del cliente). Ba\u00f1o privado con ducha.[\/vc_column_text][\/vc_tta_section][vc_tta_section title=\u00bbHabitaci\u00f3n 8&#8243; tab_id=\u00bb1598441036606-f9292c58-63d0&#8243;][vc_column_text]<img loading=\"lazy\" decoding=\"async\" class=\"alignnone wp-image-5436 size-full\" src=\"https:\/\/berguedaturismerural.com\/wp-content\/uploads\/2020\/08\/habitacio8_1.jpg\" alt=\"\" width=\"837\" height=\"320\" srcset=\"https:\/\/berguedaturismerural.com\/wp-content\/uploads\/2020\/08\/habitacio8_1.jpg 837w, https:\/\/berguedaturismerural.com\/wp-content\/uploads\/2020\/08\/habitacio8_1-300x115.jpg 300w, https:\/\/berguedaturismerural.com\/wp-content\/uploads\/2020\/08\/habitacio8_1-768x294.jpg 768w, https:\/\/berguedaturismerural.com\/wp-content\/uploads\/2020\/08\/habitacio8_1-500x191.jpg 500w, https:\/\/berguedaturismerural.com\/wp-content\/uploads\/2020\/08\/habitacio8_1-800x306.jpg 800w\" sizes=\"auto, (max-width: 837px) 100vw, 837px\" \/><\/p>\n<h3 style=\"font-size: 21px; font-weight: bold;\">Habitaci\u00f3n 8<\/h3>\n<p>Habitaci\u00f3n con 6 camas de 90&#215;200.[\/vc_column_text][\/vc_tta_section][vc_tta_section title=\u00bbBa\u00f1o\u00bb tab_id=\u00bb1598441036788-28f21e8c-2ccf\u00bb][vc_column_text]<img loading=\"lazy\" decoding=\"async\" class=\"alignnone wp-image-5438 size-vp_sm\" src=\"https:\/\/berguedaturismerural.com\/wp-content\/uploads\/2020\/08\/bany-1-333x500.jpg\" alt=\"\" width=\"333\" height=\"500\" srcset=\"https:\/\/berguedaturismerural.com\/wp-content\/uploads\/2020\/08\/bany-1-333x500.jpg 333w, https:\/\/berguedaturismerural.com\/wp-content\/uploads\/2020\/08\/bany-1-200x300.jpg 200w, https:\/\/berguedaturismerural.com\/wp-content\/uploads\/2020\/08\/bany-1-533x800.jpg 533w, https:\/\/berguedaturismerural.com\/wp-content\/uploads\/2020\/08\/bany-1.jpg 600w\" sizes=\"auto, (max-width: 333px) 100vw, 333px\" \/><\/p>\n<h3 style=\"font-size: 21px; font-weight: bold;\">Ba\u00f1o<\/h3>\n<p>[\/vc_column_text][\/vc_tta_section][vc_tta_section title=\u00bbSala de TV juvenil\u00bb tab_id=\u00bb1598441036968-884fd392-1fa0&#8243;][vc_column_text]<img loading=\"lazy\" decoding=\"async\" class=\"alignnone wp-image-5411 size-full\" src=\"https:\/\/berguedaturismerural.com\/wp-content\/uploads\/2020\/08\/salatv_1.jpg\" alt=\"\" width=\"837\" height=\"320\" srcset=\"https:\/\/berguedaturismerural.com\/wp-content\/uploads\/2020\/08\/salatv_1.jpg 837w, https:\/\/berguedaturismerural.com\/wp-content\/uploads\/2020\/08\/salatv_1-300x115.jpg 300w, https:\/\/berguedaturismerural.com\/wp-content\/uploads\/2020\/08\/salatv_1-768x294.jpg 768w, https:\/\/berguedaturismerural.com\/wp-content\/uploads\/2020\/08\/salatv_1-500x191.jpg 500w, https:\/\/berguedaturismerural.com\/wp-content\/uploads\/2020\/08\/salatv_1-800x306.jpg 800w\" sizes=\"auto, (max-width: 837px) 100vw, 837px\" \/><\/p>\n<h3 style=\"font-size: 21px; font-weight: bold;\">Sala TV juvenil<\/h3>\n<p>[\/vc_column_text][\/vc_tta_section][\/vc_tta_tour][g5plus_space desktop=\u00bb63&#8243; tablet=\u00bb40&#8243; tablet_portrait=\u00bb40&#8243; mobile_landscape=\u00bb30&#8243; mobile=\u00bb30&#8243;][\/vc_column][\/vc_row][vc_row disable_element=\u00bbyes\u00bb el_id=\u00bbplaces\u00bb][vc_column][g5plus_space desktop=\u00bb100&#8243; tablet=\u00bb100&#8243; tablet_portrait=\u00bb60&#8243; mobile_landscape=\u00bb50&#8243; mobile=\u00bb40&#8243;][g5plus_heading sub_title=\u00bbTroba el lloc que busques prop de Cal Salvans\u00bb title=\u00bbLLOCS D&#8217;INTER\u00c9S\u00bb text_align=\u00bbtext-center\u00bb][g5plus_space desktop=\u00bb60&#8243; tablet=\u00bb60&#8243; tablet_portrait=\u00bb40&#8243; mobile_landscape=\u00bb30&#8243; mobile=\u00bb30&#8243;][g5plus_nearby_places lat=\u00bb40.6036514&#8243; lng=\u00bb-74.1130186&#8243; nearby_places_radius=\u00bb6000&#8243; set_map_height=\u00bb500&#8243; nearby_places_fields=\u00bb%5B%7B%22nearby_places_select_field_type%22%3A%22aquarium%22%2C%22nearby_places_field_label%22%3A%22Aquarium%22%2C%22nearby_places_field_icon%22%3A%22107%22%7D%2C%7B%22nearby_places_select_field_type%22%3A%22amusement_park%22%2C%22nearby_places_field_label%22%3A%22Amusement%20Park%22%2C%22nearby_places_field_icon%22%3A%22106%22%7D%2C%7B%22nearby_places_select_field_type%22%3A%22restaurant%22%2C%22nearby_places_field_label%22%3A%22Restaurant%22%2C%22nearby_places_field_icon%22%3A%22162%22%7D%2C%7B%22nearby_places_select_field_type%22%3A%22airport%22%2C%22nearby_places_field_label%22%3A%22Airport%22%2C%22nearby_places_field_icon%22%3A%22105%22%7D%2C%7B%22nearby_places_select_field_type%22%3A%22atm%22%2C%22nearby_places_field_label%22%3A%22ATM%22%2C%22nearby_places_field_icon%22%3A%22108%22%7D%2C%7B%22nearby_places_select_field_type%22%3A%22plumber%22%2C%22nearby_places_field_label%22%3A%22Plumber%22%2C%22nearby_places_field_icon%22%3A%22159%22%7D%2C%7B%22nearby_places_select_field_type%22%3A%22taxi_stand%22%2C%22nearby_places_field_label%22%3A%22Taxi%20Stand%22%2C%22nearby_places_field_icon%22%3A%22171%22%7D%2C%7B%22nearby_places_select_field_type%22%3A%22train_station%22%2C%22nearby_places_field_label%22%3A%22Train%20Station%22%2C%22nearby_places_field_icon%22%3A%22172%22%7D%2C%7B%22nearby_places_select_field_type%22%3A%22travel_agency%22%2C%22nearby_places_field_label%22%3A%22Travel%20Agency%22%2C%22nearby_places_field_icon%22%3A%22173%22%7D%2C%7B%22nearby_places_select_field_type%22%3A%22university%22%2C%22nearby_places_field_label%22%3A%22University%22%2C%22nearby_places_field_icon%22%3A%22174%22%7D%2C%7B%22nearby_places_select_field_type%22%3A%22park%22%2C%22nearby_places_field_label%22%3A%22Park%22%2C%22nearby_places_field_icon%22%3A%22106%22%7D%2C%7B%22nearby_places_select_field_type%22%3A%22school%22%2C%22nearby_places_field_label%22%3A%22School%22%2C%22nearby_places_field_icon%22%3A%22163%22%7D%5D\u00bb][g5plus_space desktop=\u00bb100&#8243; tablet=\u00bb60&#8243; tablet_portrait=\u00bb60&#8243; mobile_landscape=\u00bb50&#8243; mobile=\u00bb40&#8243;][\/vc_column][\/vc_row][vc_row full_width=\u00bbstretch_row\u00bb parallax=\u00bbcontent-moving\u00bb css=\u00bb.vc_custom_1593598045936{background-image: url(http:\/\/berguedaturismerural.com\/wp-content\/uploads\/2017\/05\/background-01.jpg?id=87) !important;background-position: center;background-repeat: no-repeat !important;background-size: cover !important;}\u00bb][vc_column width=\u00bb2\/3&#8243; offset=\u00bbvc_col-md-offset-3 vc_col-md-6 vc_col-sm-offset-2 vc_col-xs-offset-1 vc_col-xs-10&#8243; el_class=\u00bbcol-mb-12 col-mb-offset-0&#8243;][g5plus_space desktop=\u00bb100&#8243; tablet=\u00bb80&#8243; tablet_portrait=\u00bb60&#8243; mobile_landscape=\u00bb50&#8243; mobile=\u00bb50&#8243;][g5plus_heading sub_title=\u00bbPara cualquier consulta, no dudes en ponerte en contacto con nosotros\u00bb title=\u00bbCONTACT\u00c1NOS\u00bb text_align=\u00bbtext-center\u00bb color_scheme=\u00bbcolor-light\u00bb el_class=\u00bbmg-bottom-60 sm-mg-bottom-50&#8243;]\n<div class=\"wpcf7 no-js\" id=\"wpcf7-f5016-o1\" lang=\"en-US\" dir=\"ltr\" data-wpcf7-id=\"5016\">\n<div class=\"screen-reader-response\"><p role=\"status\" aria-live=\"polite\" aria-atomic=\"true\"><\/p> <ul><\/ul><\/div>\n<form action=\"\/es\/wp-json\/wp\/v2\/pages\/5002#wpcf7-f5016-o1\" method=\"post\" class=\"wpcf7-form init\" aria-label=\"Contact form\" novalidate=\"novalidate\" data-status=\"init\">\n<fieldset class=\"hidden-fields-container\"><input type=\"hidden\" name=\"_wpcf7\" value=\"5016\" \/><input type=\"hidden\" name=\"_wpcf7_version\" value=\"6.1.1\" \/><input type=\"hidden\" name=\"_wpcf7_locale\" value=\"en_US\" \/><input type=\"hidden\" name=\"_wpcf7_unit_tag\" value=\"wpcf7-f5016-o1\" \/><input type=\"hidden\" name=\"_wpcf7_container_post\" value=\"0\" \/><input type=\"hidden\" name=\"_wpcf7_posted_data_hash\" value=\"\" \/><input type=\"hidden\" name=\"_wpcf7_recaptcha_response\" value=\"\" \/>\n<\/fieldset>\n<div class=\"g5plus-contact-form\">\n\t<p><span class=\"wpcf7-form-control-wrap\" data-name=\"your-name\"><input size=\"40\" maxlength=\"400\" class=\"wpcf7-form-control wpcf7-text wpcf7-validates-as-required\" aria-required=\"true\" aria-invalid=\"false\" placeholder=\"Nombre*\" value=\"\" type=\"text\" name=\"your-name\" \/><\/span><br \/>\n<span class=\"wpcf7-form-control-wrap\" data-name=\"your-email\"><input size=\"40\" maxlength=\"400\" class=\"wpcf7-form-control wpcf7-email wpcf7-validates-as-required wpcf7-text wpcf7-validates-as-email\" aria-required=\"true\" aria-invalid=\"false\" placeholder=\"E-mail*\" value=\"\" type=\"email\" name=\"your-email\" \/><\/span><br \/>\n<span class=\"wpcf7-form-control-wrap\" data-name=\"your-city\"><input size=\"40\" maxlength=\"400\" class=\"wpcf7-form-control wpcf7-text\" aria-invalid=\"false\" placeholder=\"Asunto\" value=\"\" type=\"text\" name=\"your-city\" \/><\/span><br \/>\n<span class=\"wpcf7-form-control-wrap\" data-name=\"your-message\"><textarea cols=\"40\" rows=\"10\" maxlength=\"2000\" class=\"wpcf7-form-control wpcf7-textarea wpcf7-validates-as-required\" aria-required=\"true\" aria-invalid=\"false\" placeholder=\"Mensaje*\" name=\"your-message\"><\/textarea><\/span><br \/>\n\t<span class=\"wpcf7-form-control-wrap recaptcha\" data-name=\"recaptcha\"><span data-sitekey=\"6LewrZ8UAAAAAMoEM2B_UJ0CI8J1hqYOvfTOgckJ\" class=\"wpcf7-form-control wpcf7-recaptcha g-recaptcha\"><\/span>\r\n<noscript>\r\n\t<div class=\"grecaptcha-noscript\">\r\n\t\t<iframe loading=\"lazy\" src=\"https:\/\/www.google.com\/recaptcha\/api\/fallback?k=6LewrZ8UAAAAAMoEM2B_UJ0CI8J1hqYOvfTOgckJ\" frameborder=\"0\" scrolling=\"no\" width=\"310\" height=\"430\">\r\n\t\t<\/iframe>\r\n\t\t<textarea name=\"g-recaptcha-response\" rows=\"3\" cols=\"40\" placeholder=\"reCaptcha Response Here\">\r\n\t\t<\/textarea>\r\n\t<\/div>\r\n<\/noscript>\r\n<\/span><br \/>\n<button type=\"submit\" class=\"btn btn-lg btn-primary btn-classic btn-block btn-icon\" ><i class=\"fa fa-paper-plane\"><\/i><span>Enviar<\/span><\/button>\n\t<\/p>\n<\/div><div class=\"wpcf7-response-output\" aria-hidden=\"true\"><\/div>\n<\/form>\n<\/div>\n[g5plus_space desktop=\u00bb100&#8243; tablet=\u00bb80&#8243; tablet_portrait=\u00bb60&#8243; mobile_landscape=\u00bb50&#8243; mobile=\u00bb50&#8243;][\/vc_column][\/vc_row][vc_row full_width=\u00bbstretch_row_content_no_spaces\u00bb][vc_column][vc_gmaps link=\u00bb#E-8_JTNDaWZyYW1lJTIwc3JjJTNEJTIyaHR0cHMlM0ElMkYlMkZ3d3cuZ29vZ2xlLmNvbSUyRm1hcHMlMkZlbWJlZCUzRnBiJTNEJTIxMW0xOCUyMTFtMTIlMjExbTMlMjExZDI5NjEuNjQ1NzQzNjg2MDY3NCUyMTJkMS44MDg2OTk3MTU2ODYxMTUlMjEzZDQyLjA3MjIxMjE2MTIyMjg2JTIxMm0zJTIxMWYwJTIxMmYwJTIxM2YwJTIxM20yJTIxMWkxMDI0JTIxMmk3NjglMjE0ZjEzLjElMjEzbTMlMjExbTIlMjExczB4MTJhNWE3ZDIzZDY3OTM0ZCUyNTNBMHg2ZmFlYjEwOTI0NDEzMDU0JTIxMnNMYSUyNTIwUGFyZXJhJTIxNWUwJTIxM20yJTIxMXNlcyUyMTJzZXMlMjE0djE1NzA0MzczNzE3ODklMjE1bTIlMjExc2VzJTIxMnNlcyUyMiUyMHdpZHRoJTNEJTIyNjAwJTIyJTIwaGVpZ2h0JTNEJTIyNDUwJTIyJTIwZnJhbWVib3JkZXIlM0QlMjIwJTIyJTIwc3R5bGUlM0QlMjJib3JkZXIlM0EwJTNCJTIyJTIwYWxsb3dmdWxsc2NyZWVuJTNEJTIyJTIyJTNFJTNDJTJGaWZyYW1lJTNF\u00bb][\/vc_column][vc_column css=\u00bb.vc_custom_1487898169062{padding-top: 60px !important;padding-bottom: 55px !important;background-color: rgba(0,0,0,0.8) !important;*background-color: rgb(0,0,0) !important;}\u00bb el_class=\u00bbcontainer pos-ab content-center xs-pos-rev xs-transform-none\u00bb][vc_row_inner][vc_column_inner el_class=\u00bbxs-mg-bottom-45&#8243; width=\u00bb1\/3&#8243;][g5plus_icon_box icon_font=\u00bbicon-location22&#8243; title=\u00bbUbicaci\u00f3n\u00bb description=\u00bbCarretera C-26 (42.072038, 1.811066) &#8211; Avi\u00e0\u00bb link=\u00bburl:https%3A%2F%2Fwww.google.es%2Fmaps%2Fplace%2FLa%2BParera%2F%4042.0722122%2C1.8086997%2C17z%2Fdata%3D!3m1!4b1!4m5!3m4!1s0x12a5a7d23d67934d%3A0x6faeb10924413054!8m2!3d42.0722082!4d1.8108884||target:%20_blank|\u00bb color_scheme=\u00bbcolor-light\u00bb][\/vc_column_inner][vc_column_inner el_class=\u00bbxs-mg-bottom-45&#8243; width=\u00bb1\/3&#8243;][g5plus_icon_box icon_font=\u00bbfa fa-phone\u00bb title=\u00bbTel\u00e9fono\u00bb description=\u00bbRoser: 679 303 444<br \/>\nJordi: 600 520 666&#8243; color_scheme=\u00bbcolor-light\u00bb][\/vc_column_inner][vc_column_inner width=\u00bb1\/3&#8243;][g5plus_icon_box icon_font=\u00bbicon-mail-envelope-open2&#8243; title=\u00bbE-mail\u00bb description=\u00bbinfo@berguedaturismerural.com\u00bb link=\u00bburl:https%3A%2F%2Fberguedaturismerural.com%2Fcontacte%2F||target:%20_blank|\u00bb color_scheme=\u00bbcolor-light\u00bb][\/vc_column_inner][\/vc_row_inner][\/vc_column][\/vc_row][vc_row full_width=\u00bbstretch_row\u00bb disable_element=\u00bbyes\u00bb css=\u00bb.vc_custom_1598372055645{background-image: url(http:\/\/berguedaturismerural.com\/wp-content\/uploads\/2017\/05\/background-02.jpg?id=78) !important;background-position: 0 0 !important;background-repeat: repeat !important;}\u00bb el_id=\u00bbgallery\u00bb][vc_column][g5plus_space desktop=\u00bb100&#8243; tablet=\u00bb100&#8243; tablet_portrait=\u00bb60&#8243; mobile_landscape=\u00bb50&#8243; mobile=\u00bb40&#8243;][g5plus_heading title=\u00bbGALERIA\u00bb text_align=\u00bbtext-center\u00bb color_scheme=\u00bbcolor-light\u00bb][g5plus_space desktop=\u00bb60&#8243; tablet=\u00bb60&#8243; tablet_portrait=\u00bb40&#8243; mobile_landscape=\u00bb30&#8243; mobile=\u00bb30&#8243;][vc_tta_tabs][vc_tta_section title=\u00bbEvoluci\u00f3 de les obres\u00bb tab_id=\u00bb1554820764733-37c551ca-61b97a01-95105a1a-d337&#8243;][g5plus_gallery hover_effect=\u00bbbubba-effect\u00bb images=\u00bb5117,5119,5111,5115,5113,5109,5105,5152,5144,5150,5146,5148&#8243; columns=\u00bb4&#8243; items_md=\u00bb-1&#8243; items_sm=\u00bb-1&#8243; items_xs=\u00bb-1&#8243; items_mb=\u00bb-1&#8243; undefined=\u00bb\u00bb][\/vc_tta_section][\/vc_tta_tabs][g5plus_space desktop=\u00bb70&#8243; tablet=\u00bb70&#8243; tablet_portrait=\u00bb60&#8243; mobile_landscape=\u00bb50&#8243; mobile=\u00bb40&#8243;][\/vc_column][\/vc_row][vc_row full_width=\u00bbstretch_row\u00bb css=\u00bb.vc_custom_1486093513451{background-color: #191919 !important;}\u00bb][vc_column][vc_widget_sidebar sidebar_id=\u00bbfooter-1&#8243; el_class=\u00bbtext-center custom-widget-footer\u00bb][\/vc_column][\/vc_row][vc_row full_width=\u00bbstretch_row\u00bb content_placement=\u00bbmiddle\u00bb disable_element=\u00bbyes\u00bb css=\u00bb.vc_custom_1555088105352{padding-top: 41px !important;padding-bottom: 40px !important;background-color: #2a2a2a !important;}\u00bb][vc_column width=\u00bb1\/12&#8243; offset=\u00bbvc_col-xs-2&#8243; el_class=\u00bbcol-mb-3&#8243;][vc_single_image image=\u00bb62&#8243; img_size=\u00bb69&#215;69&#8243;][\/vc_column][vc_column width=\u00bb1\/4&#8243; css=\u00bb.vc_custom_1480561628834{padding-top: 7px !important;}\u00bb offset=\u00bbvc_col-xs-9&#8243;][vc_column_text]<\/p>\n<h3 class=\"fs-26 fw-semi-bold spacing-100\"><span style=\"color: #ffffff;\">NEWSLETTER<\/span><\/h3>\n<p>[\/vc_column_text][\/vc_column][vc_column width=\u00bb2\/3&#8243; el_class=\u00bbxs-mg-top-25&#8243;][vc_column_text]<script>(function() {\n\twindow.mc4wp = window.mc4wp || {\n\t\tlisteners: [],\n\t\tforms: {\n\t\t\ton: function(evt, cb) {\n\t\t\t\twindow.mc4wp.listeners.push(\n\t\t\t\t\t{\n\t\t\t\t\t\tevent   : evt,\n\t\t\t\t\t\tcallback: cb\n\t\t\t\t\t}\n\t\t\t\t);\n\t\t\t}\n\t\t}\n\t}\n})();\n<\/script><!-- Mailchimp for WordPress v4.10.6 - https:\/\/wordpress.org\/plugins\/mailchimp-for-wp\/ --><form id=\"mc4wp-form-1\" class=\"mc4wp-form mc4wp-form-53\" method=\"post\" data-id=\"53\" data-name=\"mailchimp\" ><div class=\"mc4wp-form-fields\"><div class=\"g5plus-mailchimp\">  \n    <input type=\"email\" name=\"EMAIL\" class=\"form-control\" placeholder=\"ENTER YOUR E-MAIL ADDRESS..\" required \/>\n\t<button type=\"submit\" class=\"submit\"><i class=\"fa fa-paper-plane\"><\/i><\/button>\n<\/div><\/div><label style=\"display: none !important;\">Deja vac\u00edo este campo si eres humano: <input type=\"text\" name=\"_mc4wp_honeypot\" value=\"\" tabindex=\"-1\" autocomplete=\"off\" \/><\/label><input type=\"hidden\" name=\"_mc4wp_timestamp\" value=\"1777721197\" \/><input type=\"hidden\" name=\"_mc4wp_form_id\" value=\"53\" \/><input type=\"hidden\" name=\"_mc4wp_form_element_id\" value=\"mc4wp-form-1\" \/><div class=\"mc4wp-response\"><\/div><\/form><!-- \/ Mailchimp for WordPress Plugin -->[\/vc_column_text][\/vc_column][\/vc_row]<\/p>\n","protected":false},"excerpt":{"rendered":"<p>[vc_row full_width=\u00bbstretch_row_content_no_spaces\u00bb full_height=\u00bbyes\u00bb parallax=\u00bbcontent-moving\u00bb css=\u00bb.vc_custom_1636468751480{background-image: url(https:\/\/berguedaturismerural.com\/wp-content\/uploads\/2021\/11\/fons-parera.jpg?id=5823) !important;background-position: center;background-repeat: no-repeat;background-size:cover !important;}\u00bb el_id=\u00bbhome\u00bb][vc_column][g5plus_property_info address=\u00bbAvi\u00e0\u00bb title=\u00bbLa Parera\u00bb after_price=\u00bbTurismo Rural\u00bb values=\u00bb%5B%7B%22key%22%3A%22Personas%22%2C%22value%22%3A%2220%2B5%22%2C%22icon_font%22%3A%22icon-users2%22%7D%2C%7B%22key%22%3A%22Habitaciones%22%2C%22value%22%3A%228%22%2C%22icon_font%22%3A%22icon-room-bed%22%7D%2C%7B%22key%22%3A%22Ba%C3%B1os%22%2C%22value%22%3A%2210%22%2C%22icon_font%22%3A%22icon-bath%22%7D%2C%7B%22key%22%3A%22Piscina%22%2C%22icon_font%22%3A%22fa%20fa-tint%22%7D%2C%7B%22key%22%3A%22Jard%C3%ADn%22%2C%22icon_font%22%3A%22fa%20fa-tree%22%7D%2C%7B%22key%22%3A%22Campo%20de%20f%C3%BAtbol%22%2C%22icon_font%22%3A%22fa%20fa-futbol-o%22%7D%2C%7B%22key%22%3A%22Chimenea%22%2C%22icon_font%22%3A%22fa%20fa-fire%22%7D%2C%7B%22key%22%3A%22Wifi%22%2C%22icon_font%22%3A%22fa%20fa-wifi%22%7D%5D\u00bb][\/vc_column][\/vc_row][vc_row full_width=\u00bbstretch_row\u00bb css=\u00bb.vc_custom_1593532334243{background-position: 0 0 !important;background-repeat: no-repeat !important;}\u00bb el_id=\u00bbabout\u00bb el_class=\u00bbbackground-position-right\u00bb][vc_column][g5plus_space desktop=\u00bb100&#8243; tablet=\u00bb80&#8243; tablet_portrait=\u00bb60&#8243; mobile_landscape=\u00bb50&#8243; mobile=\u00bb40&#8243;][vc_column_text el_class=\u00bbtext-center\u00bb] La Parera Es una casa aislada muy acogedora con espacios muy amplios con los servicios, ubicada en las afueras del pueblo de Avi\u00e0 [&hellip;]<\/p>\n","protected":false},"author":1,"featured_media":0,"parent":0,"menu_order":0,"comment_status":"closed","ping_status":"closed","template":"","meta":{"_exactmetrics_skip_tracking":false,"_exactmetrics_sitenote_active":false,"_exactmetrics_sitenote_note":"","_exactmetrics_sitenote_category":0,"_vp_format_video_url":"","_vp_image_focal_point":[],"footnotes":""},"class_list":["post-5002","page","type-page","status-publish","hentry"],"_links":{"self":[{"href":"https:\/\/berguedaturismerural.com\/es\/wp-json\/wp\/v2\/pages\/5002","targetHints":{"allow":["GET"]}}],"collection":[{"href":"https:\/\/berguedaturismerural.com\/es\/wp-json\/wp\/v2\/pages"}],"about":[{"href":"https:\/\/berguedaturismerural.com\/es\/wp-json\/wp\/v2\/types\/page"}],"author":[{"embeddable":true,"href":"https:\/\/berguedaturismerural.com\/es\/wp-json\/wp\/v2\/users\/1"}],"replies":[{"embeddable":true,"href":"https:\/\/berguedaturismerural.com\/es\/wp-json\/wp\/v2\/comments?post=5002"}],"version-history":[{"count":75,"href":"https:\/\/berguedaturismerural.com\/es\/wp-json\/wp\/v2\/pages\/5002\/revisions"}],"predecessor-version":[{"id":6128,"href":"https:\/\/berguedaturismerural.com\/es\/wp-json\/wp\/v2\/pages\/5002\/revisions\/6128"}],"wp:attachment":[{"href":"https:\/\/berguedaturismerural.com\/es\/wp-json\/wp\/v2\/media?parent=5002"}],"curies":[{"name":"wp","href":"https:\/\/api.w.org\/{rel}","templated":true}]}}